{"id":5457,"date":"2020-07-31T14:24:21","date_gmt":"2020-07-31T12:24:21","guid":{"rendered":"https:\/\/www.tessiot-demenagement.com\/fr\/?page_id=5457"},"modified":"2023-08-22T09:28:07","modified_gmt":"2023-08-22T07:28:07","slug":"actualites-du-demenagement","status":"publish","type":"page","link":"https:\/\/www.tessiot-demenagement.com\/fr\/actualites-du-demenagement\/","title":{"rendered":""},"content":{"rendered":"\t\t<div data-elementor-type=\"wp-page\" data-elementor-id=\"5457\" class=\"elementor elementor-5457\" data-elementor-settings=\"[]\">\n\t\t\t\t\t\t<div class=\"elementor-inner\">\n\t\t\t\t\t\t\t<div class=\"elementor-section-wrap\">\n\t\t\t\t\t\t\t<section class=\"elementor-section elementor-top-section elementor-element elementor-element-250be76 elementor-section-boxed elementor-section-height-default elementor-section-height-default\" data-id=\"250be76\" data-element_type=\"section\">\n\t\t\t\t\t\t<div class=\"elementor-container elementor-column-gap-default\">\n\t\t\t\t\t\t\t<div class=\"elementor-row\">\n\t\t\t\t\t<div class=\"elementor-column elementor-col-100 elementor-top-column elementor-element elementor-element-e31ca93\" data-id=\"e31ca93\" data-element_type=\"column\">\n\t\t\t<div class=\"elementor-column-wrap elementor-element-populated\">\n\t\t\t\t\t\t\t<div class=\"elementor-widget-wrap\">\n\t\t\t\t\t\t<div class=\"elementor-element elementor-element-29d2a1d elementor-widget elementor-widget-heading\" data-id=\"29d2a1d\" data-element_type=\"widget\" data-widget_type=\"heading.default\">\n\t\t\t\t<div class=\"elementor-widget-container\">\n\t\t\t<h1 class=\"elementor-heading-title elementor-size-xl\">Actualit\u00e9s du d\u00e9m\u00e9nagement<\/h1>\t\t<\/div>\n\t\t\t\t<\/div>\n\t\t\t\t\t\t<\/div>\n\t\t\t\t\t<\/div>\n\t\t<\/div>\n\t\t\t\t\t\t\t\t<\/div>\n\t\t\t\t\t<\/div>\n\t\t<\/section>\n\t\t\t\t<section class=\"elementor-section elementor-top-section elementor-element elementor-element-570a773 elementor-section-boxed elementor-section-height-default elementor-section-height-default\" data-id=\"570a773\" data-element_type=\"section\">\n\t\t\t\t\t\t<div class=\"elementor-container elementor-column-gap-default\">\n\t\t\t\t\t\t\t<div class=\"elementor-row\">\n\t\t\t\t\t<div class=\"elementor-column elementor-col-100 elementor-top-column elementor-element elementor-element-e756574\" data-id=\"e756574\" data-element_type=\"column\">\n\t\t\t<div class=\"elementor-column-wrap elementor-element-populated\">\n\t\t\t\t\t\t\t<div class=\"elementor-widget-wrap\">\n\t\t\t\t\t\t<div class=\"elementor-element elementor-element-6c8221b elementor-widget elementor-widget-text-editor\" data-id=\"6c8221b\" data-element_type=\"widget\" data-widget_type=\"text-editor.default\">\n\t\t\t\t<div class=\"elementor-widget-container\">\n\t\t\t\t\t<div class=\"elementor-text-editor elementor-clearfix\"><p>Retrouvez ici toutes les actualit\u00e9s du d\u00e9m\u00e9nagement. Nouvelles offres, news sur le m\u00e9tier de d\u00e9m\u00e9nageur et le secteur d&#8217;activit\u00e9s, \u00e9volutions du <a href=\"https:\/\/www.facebook.com\/tessiot.demenagements\">Groupe Tessiot D\u00e9m\u00e9nagements<\/a>.<\/p><\/div>\n\t\t\t\t<\/div>\n\t\t\t\t<\/div>\n\t\t\t\t\t\t<\/div>\n\t\t\t\t\t<\/div>\n\t\t<\/div>\n\t\t\t\t\t\t\t\t<\/div>\n\t\t\t\t\t<\/div>\n\t\t<\/section>\n\t\t\t\t<section class=\"elementor-section elementor-top-section elementor-element elementor-element-c3245f2 elementor-section-boxed elementor-section-height-default elementor-section-height-default\" data-id=\"c3245f2\" data-element_type=\"section\">\n\t\t\t\t\t\t<div class=\"elementor-container elementor-column-gap-default\">\n\t\t\t\t\t\t\t<div class=\"elementor-row\">\n\t\t\t\t\t<div class=\"elementor-column elementor-col-100 elementor-top-column elementor-element elementor-element-3e6d149\" data-id=\"3e6d149\" data-element_type=\"column\">\n\t\t\t<div class=\"elementor-column-wrap\">\n\t\t\t\t\t\t\t<div class=\"elementor-widget-wrap\">\n\t\t\t\t\t\t\t\t<\/div>\n\t\t\t\t\t<\/div>\n\t\t<\/div>\n\t\t\t\t\t\t\t\t<\/div>\n\t\t\t\t\t<\/div>\n\t\t<\/section>\n\t\t\t\t<section class=\"elementor-section elementor-top-section elementor-element elementor-element-2dc5098 elementor-section-boxed elementor-section-height-default elementor-section-height-default\" data-id=\"2dc5098\" data-element_type=\"section\">\n\t\t\t\t\t\t<div class=\"elementor-container elementor-column-gap-default\">\n\t\t\t\t\t\t\t<div class=\"elementor-row\">\n\t\t\t\t\t<div class=\"elementor-column elementor-col-100 elementor-top-column elementor-element elementor-element-09e3068\" data-id=\"09e3068\" data-element_type=\"column\">\n\t\t\t<div class=\"elementor-column-wrap elementor-element-populated\">\n\t\t\t\t\t\t\t<div class=\"elementor-widget-wrap\">\n\t\t\t\t\t\t<div class=\"elementor-element elementor-element-985dbf7 elementor-widget elementor-widget-ColorMag-Posts-Block-2\" data-id=\"985dbf7\" data-element_type=\"widget\" data-widget_type=\"ColorMag-Posts-Block-2.default\">\n\t\t\t\t<div class=\"elementor-widget-container\">\n\t\t\t\r\n\t\t<div class=\"tg-module-block tg-module-wrapper tg-module-block--style-2\">\r\n\t\t\t\r\n\t\t<div class=\"tg-module-title-wrap\">\r\n\t\t\t<h4 class=\"module-title\">\r\n\t\t\t\t<span>Actualit\u00e9s<\/span>\r\n\t\t\t<\/h4>\r\n\t\t<\/div><!-- tg-module-title-wrap -->\r\n\r\n\t\t\r\n\t\t\t<div class=\"tg-row\">\r\n\t\t\t\t\r\n\t\t\t\t\t<div class=\"tg-col-control\">\r\n\t\t\t\t\t\t<div class=\"tg_module_block\">\r\n\t\t\t\t\t\t\t\t\t\t\t\t\t\t\t<figure class=\"tg-module-thumb\">\r\n\t\t\t\t\t\t\t\t\t\t\t<a href=\"https:\/\/www.tessiot-demenagement.com\/fr\/journee-mondiale-de-la-sante-et-securite-au-travail\/\" class=\"tg-thumb-link\">\r\n\t\t\t<img loading=\"lazy\" decoding=\"async\" width=\"392\" height=\"272\" src=\"https:\/\/www.tessiot-demenagement.com\/fr\/wp-content\/uploads\/2021\/10\/Copie-de-Copie-de-Affiche-Securite-Travail-Prevention-392x272.jpg\" class=\"attachment-colormag-highlighted-post size-colormag-highlighted-post wp-post-image\" alt=\"\" srcset=\"https:\/\/www.tessiot-demenagement.com\/fr\/wp-content\/uploads\/2021\/10\/Copie-de-Copie-de-Affiche-Securite-Travail-Prevention-392x272.jpg 392w, https:\/\/www.tessiot-demenagement.com\/fr\/wp-content\/uploads\/2021\/10\/Copie-de-Copie-de-Affiche-Securite-Travail-Prevention-130x90.jpg 130w, https:\/\/www.tessiot-demenagement.com\/fr\/wp-content\/uploads\/2021\/10\/Copie-de-Copie-de-Affiche-Securite-Travail-Prevention-600x417.jpg 600w\" sizes=\"(max-width: 392px) 100vw, 392px\" \/>\t\t<\/a>\r\n\t\t<div class=\"tg-post-categories\"><a href=\"https:\/\/www.tessiot-demenagement.com\/fr\/category\/societe\/\" class=\"tg-post-category\" rel=\"category tag\">Soci\u00e9t\u00e9<\/a>&nbsp;<\/div>\t\t\t\t\t\t\t\t<\/figure>\r\n\t\t\t\t\t\t\t\t\r\n\t\t\t\t\t\t\t\t\t<h3 class=\"tg-module-title entry-title\">\r\n\t\t\t<a href=\"https:\/\/www.tessiot-demenagement.com\/fr\/journee-mondiale-de-la-sante-et-securite-au-travail\/\">28 Avril : Journ\u00e9e Mondiale de la Sant\u00e9 et S\u00e9curit\u00e9 au travail<\/a>\r\n\t\t<\/h3>\r\n\t\t\r\n\t\t<div class=\"tg-module-meta\">\r\n\t\t\t\r\n\t\t\t<span class=\"tg-post-date entry-date\">\r\n\t\t\t\t<a href=\"https:\/\/www.tessiot-demenagement.com\/fr\/journee-mondiale-de-la-sante-et-securite-au-travail\/\" rel=\"bookmark\"><time class=\"entry-date published\" datetime=\"2026-04-28T09:36:07+02:00\">28 avril 2026<\/time><time class=\"updated\" datetime=\"2026-04-28T10:14:11+02:00\">28 avril 2026<\/time><\/a>\t\t\t<\/span>\r\n\r\n\t\t\t<span class=\"tg-post-auther-name author vcard\">\r\n\t\t\t\t<a class=\"url fn n\" href=\"https:\/\/www.tessiot-demenagement.com\/fr\/author\/atessiot\/\">atessiot<\/a>\t\t\t<\/span>\r\n\r\n\t\t\t\t\t<\/div>\r\n\r\n\t\t\r\n\t\t\t\t\t\t\t<div class=\"tg-expert entry-content\">\r\n\t\t\t\t\t\t\t\t<p>28 avril : Journ\u00e9e mondiale de la S\u00e9curit\u00e9 et de la Sant\u00e9 au Travail D&#8217;apr\u00e8s les nations unis, &#8220;C\u00e9l\u00e9br\u00e9e le<\/p>\n\t\t\t\t\t\t\t<\/div>\r\n\r\n\t\t\t\t\t\t<\/div>\r\n\t\t\t\t\t<\/div>\r\n\r\n\t\t\t\t\t\r\n\t\t\t\t\t<div class=\"tg-col-control\">\r\n\t\t\t\t\t\t<div class=\"tg_module_block\">\r\n\t\t\t\t\t\t\t\t\t\t\t\t\t\t\t<figure class=\"tg-module-thumb\">\r\n\t\t\t\t\t\t\t\t\t\t\t<a href=\"https:\/\/www.tessiot-demenagement.com\/fr\/prestation-demenagement-international\/\" class=\"tg-thumb-link\">\r\n\t\t\t<img loading=\"lazy\" decoding=\"async\" width=\"392\" height=\"272\" src=\"https:\/\/www.tessiot-demenagement.com\/fr\/wp-content\/uploads\/2021\/11\/Copie-de-27042026-Prestation-tc-nouvelle-zelande-392x272.jpg\" class=\"attachment-colormag-highlighted-post size-colormag-highlighted-post wp-post-image\" alt=\"\" srcset=\"https:\/\/www.tessiot-demenagement.com\/fr\/wp-content\/uploads\/2021\/11\/Copie-de-27042026-Prestation-tc-nouvelle-zelande-392x272.jpg 392w, https:\/\/www.tessiot-demenagement.com\/fr\/wp-content\/uploads\/2021\/11\/Copie-de-27042026-Prestation-tc-nouvelle-zelande-130x90.jpg 130w, https:\/\/www.tessiot-demenagement.com\/fr\/wp-content\/uploads\/2021\/11\/Copie-de-27042026-Prestation-tc-nouvelle-zelande-600x417.jpg 600w\" sizes=\"(max-width: 392px) 100vw, 392px\" \/>\t\t<\/a>\r\n\t\t<div class=\"tg-post-categories\"><a href=\"https:\/\/www.tessiot-demenagement.com\/fr\/category\/actualites-du-groupe-tessiot-demenagements\/\" style=\"background:#1e73be\" class=\"tg-post-category\" rel=\"category tag\">Actualit\u00e9s du Groupe Tessiot<\/a>&nbsp;<a href=\"https:\/\/www.tessiot-demenagement.com\/fr\/category\/societe\/\" class=\"tg-post-category\" rel=\"category tag\">Soci\u00e9t\u00e9<\/a>&nbsp;<\/div>\t\t\t\t\t\t\t\t<\/figure>\r\n\t\t\t\t\t\t\t\t\r\n\t\t\t\t\t\t\t\t\t<h3 class=\"tg-module-title entry-title\">\r\n\t\t\t<a href=\"https:\/\/www.tessiot-demenagement.com\/fr\/prestation-demenagement-international\/\">Prestation d\u00e9m\u00e9nagement international<\/a>\r\n\t\t<\/h3>\r\n\t\t\r\n\t\t<div class=\"tg-module-meta\">\r\n\t\t\t\r\n\t\t\t<span class=\"tg-post-date entry-date\">\r\n\t\t\t\t<a href=\"https:\/\/www.tessiot-demenagement.com\/fr\/prestation-demenagement-international\/\" rel=\"bookmark\"><time class=\"entry-date published\" datetime=\"2026-04-27T07:30:36+02:00\">27 avril 2026<\/time><time class=\"updated\" datetime=\"2026-04-28T10:05:30+02:00\">28 avril 2026<\/time><\/a>\t\t\t<\/span>\r\n\r\n\t\t\t<span class=\"tg-post-auther-name author vcard\">\r\n\t\t\t\t<a class=\"url fn n\" href=\"https:\/\/www.tessiot-demenagement.com\/fr\/author\/atessiot\/\">atessiot<\/a>\t\t\t<\/span>\r\n\r\n\t\t\t\t\t<\/div>\r\n\r\n\t\t\r\n\t\t\t\t\t\t\t<div class=\"tg-expert entry-content\">\r\n\t\t\t\t\t\t\t\t<p>Emballage d effets personnels et empotage dans un conteneur \u00e0 destination de la Nouvelle Z\u00e9lande D\u00e9couvrez l&#8217;une de nos prestations<\/p>\n\t\t\t\t\t\t\t<\/div>\r\n\r\n\t\t\t\t\t\t<\/div>\r\n\t\t\t\t\t<\/div>\r\n\r\n\t\t\t\t\t\r\n\t\t\t\t\t<div class=\"tg-col-control\">\r\n\t\t\t\t\t\t<div class=\"tg_module_block\">\r\n\t\t\t\t\t\t\t\t\t\t\t\t\t\t\t<figure class=\"tg-module-thumb\">\r\n\t\t\t\t\t\t\t\t\t\t\t<a href=\"https:\/\/www.tessiot-demenagement.com\/fr\/la-formule-standing-tessiot-demenagements\/\" class=\"tg-thumb-link\">\r\n\t\t\t<img loading=\"lazy\" decoding=\"async\" width=\"392\" height=\"272\" src=\"https:\/\/www.tessiot-demenagement.com\/fr\/wp-content\/uploads\/2021\/12\/Nos-formules-78-392x272.png\" class=\"attachment-colormag-highlighted-post size-colormag-highlighted-post wp-post-image\" alt=\"\" srcset=\"https:\/\/www.tessiot-demenagement.com\/fr\/wp-content\/uploads\/2021\/12\/Nos-formules-78-392x272.png 392w, https:\/\/www.tessiot-demenagement.com\/fr\/wp-content\/uploads\/2021\/12\/Nos-formules-78-130x90.png 130w\" sizes=\"(max-width: 392px) 100vw, 392px\" \/>\t\t<\/a>\r\n\t\t<div class=\"tg-post-categories\"><a href=\"https:\/\/www.tessiot-demenagement.com\/fr\/category\/nos-services\/\" style=\"background:#81d742\" class=\"tg-post-category\" rel=\"category tag\">Nos services<\/a>&nbsp;<\/div>\t\t\t\t\t\t\t\t<\/figure>\r\n\t\t\t\t\t\t\t\t\r\n\t\t\t\t\t\t\t\t\t<h3 class=\"tg-module-title entry-title\">\r\n\t\t\t<a href=\"https:\/\/www.tessiot-demenagement.com\/fr\/la-formule-standing-tessiot-demenagements\/\">La formule STANDING + Tessiot D\u00e9m\u00e9nagements<\/a>\r\n\t\t<\/h3>\r\n\t\t\r\n\t\t<div class=\"tg-module-meta\">\r\n\t\t\t\r\n\t\t\t<span class=\"tg-post-date entry-date\">\r\n\t\t\t\t<a href=\"https:\/\/www.tessiot-demenagement.com\/fr\/la-formule-standing-tessiot-demenagements\/\" rel=\"bookmark\"><time class=\"entry-date published\" datetime=\"2026-03-18T15:48:14+01:00\">18 mars 2026<\/time><time class=\"updated\" datetime=\"2026-03-21T07:03:09+01:00\">21 mars 2026<\/time><\/a>\t\t\t<\/span>\r\n\r\n\t\t\t<span class=\"tg-post-auther-name author vcard\">\r\n\t\t\t\t<a class=\"url fn n\" href=\"https:\/\/www.tessiot-demenagement.com\/fr\/author\/atessiot\/\">atessiot<\/a>\t\t\t<\/span>\r\n\r\n\t\t\t\t\t<\/div>\r\n\r\n\t\t\r\n\t\t\t\t\t\t\t<div class=\"tg-expert entry-content\">\r\n\t\t\t\t\t\t\t\t<p>La formule STANDING + Tessiot D\u00e9m\u00e9nagements D\u00e9m\u00e9nager est un des moments les plus stressants pour beaucoup. Afin de r\u00e9duire les<\/p>\n\t\t\t\t\t\t\t<\/div>\r\n\r\n\t\t\t\t\t\t<\/div>\r\n\t\t\t\t\t<\/div>\r\n\r\n\t\t\t\t\t\r\n\t\t\t\t\t<div class=\"tg-col-control\">\r\n\t\t\t\t\t\t<div class=\"tg_module_block\">\r\n\t\t\t\t\t\t\t\t\t\t\t\t\t\t\t<figure class=\"tg-module-thumb\">\r\n\t\t\t\t\t\t\t\t\t\t\t<a href=\"https:\/\/www.tessiot-demenagement.com\/fr\/27-fevrier-journee-mondiale-des-ong\/\" class=\"tg-thumb-link\">\r\n\t\t\t<img loading=\"lazy\" decoding=\"async\" width=\"392\" height=\"272\" src=\"https:\/\/www.tessiot-demenagement.com\/fr\/wp-content\/uploads\/2026\/02\/UN-SDGs-All-392x272.jpg\" class=\"attachment-colormag-highlighted-post size-colormag-highlighted-post wp-post-image\" alt=\"\" srcset=\"https:\/\/www.tessiot-demenagement.com\/fr\/wp-content\/uploads\/2026\/02\/UN-SDGs-All-392x272.jpg 392w, https:\/\/www.tessiot-demenagement.com\/fr\/wp-content\/uploads\/2026\/02\/UN-SDGs-All-130x90.jpg 130w, https:\/\/www.tessiot-demenagement.com\/fr\/wp-content\/uploads\/2026\/02\/UN-SDGs-All-600x417.jpg 600w\" sizes=\"(max-width: 392px) 100vw, 392px\" \/>\t\t<\/a>\r\n\t\t<div class=\"tg-post-categories\"><a href=\"https:\/\/www.tessiot-demenagement.com\/fr\/category\/societe\/\" class=\"tg-post-category\" rel=\"category tag\">Soci\u00e9t\u00e9<\/a>&nbsp;<\/div>\t\t\t\t\t\t\t\t<\/figure>\r\n\t\t\t\t\t\t\t\t\r\n\t\t\t\t\t\t\t\t\t<h3 class=\"tg-module-title entry-title\">\r\n\t\t\t<a href=\"https:\/\/www.tessiot-demenagement.com\/fr\/27-fevrier-journee-mondiale-des-ong\/\">27 F\u00e9vrier Journ\u00e9e Mondiale des ONG<\/a>\r\n\t\t<\/h3>\r\n\t\t\r\n\t\t<div class=\"tg-module-meta\">\r\n\t\t\t\r\n\t\t\t<span class=\"tg-post-date entry-date\">\r\n\t\t\t\t<a href=\"https:\/\/www.tessiot-demenagement.com\/fr\/27-fevrier-journee-mondiale-des-ong\/\" rel=\"bookmark\"><time class=\"entry-date published\" datetime=\"2026-02-27T11:51:29+01:00\">27 f\u00e9vrier 2026<\/time><time class=\"updated\" datetime=\"2026-02-27T17:21:43+01:00\">27 f\u00e9vrier 2026<\/time><\/a>\t\t\t<\/span>\r\n\r\n\t\t\t<span class=\"tg-post-auther-name author vcard\">\r\n\t\t\t\t<a class=\"url fn n\" href=\"https:\/\/www.tessiot-demenagement.com\/fr\/author\/atessiot\/\">atessiot<\/a>\t\t\t<\/span>\r\n\r\n\t\t\t\t\t<\/div>\r\n\r\n\t\t\r\n\t\t\t\t\t\t\t<div class=\"tg-expert entry-content\">\r\n\t\t\t\t\t\t\t\t<p>27 f\u00e9vrier : Journ\u00e9e Mondiale des ONG \u00a0Cette journ\u00e9e permet de c\u00e9l\u00e9brer les ONG qui d\u00e9fendent les droits fondamentaux.D\u00e9clar\u00e9es d&#8217;utilit\u00e9<\/p>\n\t\t\t\t\t\t\t<\/div>\r\n\r\n\t\t\t\t\t\t<\/div>\r\n\t\t\t\t\t<\/div>\r\n\r\n\t\t\t\t\t\r\n\t\t\t\t\t<div class=\"tg-col-control\">\r\n\t\t\t\t\t\t<div class=\"tg_module_block\">\r\n\t\t\t\t\t\t\t\t\t\t\t\t\t\t\t<figure class=\"tg-module-thumb\">\r\n\t\t\t\t\t\t\t\t\t\t\t<a href=\"https:\/\/www.tessiot-demenagement.com\/fr\/demenagement-les-documents-reglementaires\/\" class=\"tg-thumb-link\">\r\n\t\t\t<img loading=\"lazy\" decoding=\"async\" width=\"392\" height=\"272\" src=\"https:\/\/www.tessiot-demenagement.com\/fr\/wp-content\/uploads\/2026\/02\/11m3-392x272.jpg\" class=\"attachment-colormag-highlighted-post size-colormag-highlighted-post wp-post-image\" alt=\"\" srcset=\"https:\/\/www.tessiot-demenagement.com\/fr\/wp-content\/uploads\/2026\/02\/11m3-392x272.jpg 392w, https:\/\/www.tessiot-demenagement.com\/fr\/wp-content\/uploads\/2026\/02\/11m3-130x90.jpg 130w\" sizes=\"(max-width: 392px) 100vw, 392px\" \/>\t\t<\/a>\r\n\t\t<div class=\"tg-post-categories\"><a href=\"https:\/\/www.tessiot-demenagement.com\/fr\/category\/societe\/\" class=\"tg-post-category\" rel=\"category tag\">Soci\u00e9t\u00e9<\/a>&nbsp;<\/div>\t\t\t\t\t\t\t\t<\/figure>\r\n\t\t\t\t\t\t\t\t\r\n\t\t\t\t\t\t\t\t\t<h3 class=\"tg-module-title entry-title\">\r\n\t\t\t<a href=\"https:\/\/www.tessiot-demenagement.com\/fr\/demenagement-les-documents-reglementaires\/\">D\u00e9m\u00e9nagement : les documents r\u00e8glementaires<\/a>\r\n\t\t<\/h3>\r\n\t\t\r\n\t\t<div class=\"tg-module-meta\">\r\n\t\t\t\r\n\t\t\t<span class=\"tg-post-date entry-date\">\r\n\t\t\t\t<a href=\"https:\/\/www.tessiot-demenagement.com\/fr\/demenagement-les-documents-reglementaires\/\" rel=\"bookmark\"><time class=\"entry-date published\" datetime=\"2026-02-16T08:03:16+01:00\">16 f\u00e9vrier 2026<\/time><time class=\"updated\" datetime=\"2026-02-27T17:11:22+01:00\">27 f\u00e9vrier 2026<\/time><\/a>\t\t\t<\/span>\r\n\r\n\t\t\t<span class=\"tg-post-auther-name author vcard\">\r\n\t\t\t\t<a class=\"url fn n\" href=\"https:\/\/www.tessiot-demenagement.com\/fr\/author\/atessiot\/\">atessiot<\/a>\t\t\t<\/span>\r\n\r\n\t\t\t\t\t<\/div>\r\n\r\n\t\t\r\n\t\t\t\t\t\t\t<div class=\"tg-expert entry-content\">\r\n\t\t\t\t\t\t\t\t<p>D\u00e9m\u00e9nagement : les documents r\u00e8glementaires Un d\u00e9m\u00e9nagement peut \u00eatre une source d\u2019inqui\u00e9tudes et d\u2019interrogations pour vous et vos proches. Aussi<\/p>\n\t\t\t\t\t\t\t<\/div>\r\n\r\n\t\t\t\t\t\t<\/div>\r\n\t\t\t\t\t<\/div>\r\n\r\n\t\t\t\t\t\r\n\t\t\t\t\t<div class=\"tg-col-control\">\r\n\t\t\t\t\t\t<div class=\"tg_module_block\">\r\n\t\t\t\t\t\t\t\t\t\t\t\t\t\t\t<figure class=\"tg-module-thumb\">\r\n\t\t\t\t\t\t\t\t\t\t\t<a href=\"https:\/\/www.tessiot-demenagement.com\/fr\/rse-economie-circulaire-et-tessiot-demenagements\/\" class=\"tg-thumb-link\">\r\n\t\t\t<img loading=\"lazy\" decoding=\"async\" width=\"392\" height=\"272\" src=\"https:\/\/www.tessiot-demenagement.com\/fr\/wp-content\/uploads\/2021\/06\/3-392x272.jpg\" class=\"attachment-colormag-highlighted-post size-colormag-highlighted-post wp-post-image\" alt=\"\" srcset=\"https:\/\/www.tessiot-demenagement.com\/fr\/wp-content\/uploads\/2021\/06\/3-392x272.jpg 392w, https:\/\/www.tessiot-demenagement.com\/fr\/wp-content\/uploads\/2021\/06\/3-130x90.jpg 130w, https:\/\/www.tessiot-demenagement.com\/fr\/wp-content\/uploads\/2021\/06\/3-600x417.jpg 600w\" sizes=\"(max-width: 392px) 100vw, 392px\" \/>\t\t<\/a>\r\n\t\t<div class=\"tg-post-categories\"><a href=\"https:\/\/www.tessiot-demenagement.com\/fr\/category\/actualites-du-groupe-tessiot-demenagements\/\" style=\"background:#1e73be\" class=\"tg-post-category\" rel=\"category tag\">Actualit\u00e9s du Groupe Tessiot<\/a>&nbsp;<a href=\"https:\/\/www.tessiot-demenagement.com\/fr\/category\/societe\/\" class=\"tg-post-category\" rel=\"category tag\">Soci\u00e9t\u00e9<\/a>&nbsp;<\/div>\t\t\t\t\t\t\t\t<\/figure>\r\n\t\t\t\t\t\t\t\t\r\n\t\t\t\t\t\t\t\t\t<h3 class=\"tg-module-title entry-title\">\r\n\t\t\t<a href=\"https:\/\/www.tessiot-demenagement.com\/fr\/rse-economie-circulaire-et-tessiot-demenagements\/\">RSE, Economie circulaire et TESSIOT D\u00e9m\u00e9nagements<\/a>\r\n\t\t<\/h3>\r\n\t\t\r\n\t\t<div class=\"tg-module-meta\">\r\n\t\t\t\r\n\t\t\t<span class=\"tg-post-date entry-date\">\r\n\t\t\t\t<a href=\"https:\/\/www.tessiot-demenagement.com\/fr\/rse-economie-circulaire-et-tessiot-demenagements\/\" rel=\"bookmark\"><time class=\"entry-date published\" datetime=\"2026-01-30T16:57:16+01:00\">30 janvier 2026<\/time><time class=\"updated\" datetime=\"2026-02-27T17:04:39+01:00\">27 f\u00e9vrier 2026<\/time><\/a>\t\t\t<\/span>\r\n\r\n\t\t\t<span class=\"tg-post-auther-name author vcard\">\r\n\t\t\t\t<a class=\"url fn n\" href=\"https:\/\/www.tessiot-demenagement.com\/fr\/author\/atessiot\/\">atessiot<\/a>\t\t\t<\/span>\r\n\r\n\t\t\t\t\t<\/div>\r\n\r\n\t\t\r\n\t\t\t\t\t\t\t<div class=\"tg-expert entry-content\">\r\n\t\t\t\t\t\t\t\t<p>RSE, Economie circulaire et TESSIOT D\u00e9m\u00e9nagements Ce 29 janvier, nous avons pr\u00e9sent\u00e9 dans l&#8217;h\u00e9micyle de la Region Centre Val de<\/p>\n\t\t\t\t\t\t\t<\/div>\r\n\r\n\t\t\t\t\t\t<\/div>\r\n\t\t\t\t\t<\/div>\r\n\r\n\t\t\t\t\t\r\n\t\t\t\t\t<div class=\"tg-col-control\">\r\n\t\t\t\t\t\t<div class=\"tg_module_block\">\r\n\t\t\t\t\t\t\t\t\t\t\t\t\t\t\t<figure class=\"tg-module-thumb\">\r\n\t\t\t\t\t\t\t\t\t\t\t<a href=\"https:\/\/www.tessiot-demenagement.com\/fr\/quel-jour-pour-demenager\/\" class=\"tg-thumb-link\">\r\n\t\t\t<img loading=\"lazy\" decoding=\"async\" width=\"392\" height=\"272\" src=\"https:\/\/www.tessiot-demenagement.com\/fr\/wp-content\/uploads\/2026\/01\/voeux-2026-392x272.jpg\" class=\"attachment-colormag-highlighted-post size-colormag-highlighted-post wp-post-image\" alt=\"\" srcset=\"https:\/\/www.tessiot-demenagement.com\/fr\/wp-content\/uploads\/2026\/01\/voeux-2026-392x272.jpg 392w, https:\/\/www.tessiot-demenagement.com\/fr\/wp-content\/uploads\/2026\/01\/voeux-2026-130x90.jpg 130w\" sizes=\"(max-width: 392px) 100vw, 392px\" \/>\t\t<\/a>\r\n\t\t<div class=\"tg-post-categories\"><a href=\"https:\/\/www.tessiot-demenagement.com\/fr\/category\/societe\/\" class=\"tg-post-category\" rel=\"category tag\">Soci\u00e9t\u00e9<\/a>&nbsp;<\/div>\t\t\t\t\t\t\t\t<\/figure>\r\n\t\t\t\t\t\t\t\t\r\n\t\t\t\t\t\t\t\t\t<h3 class=\"tg-module-title entry-title\">\r\n\t\t\t<a href=\"https:\/\/www.tessiot-demenagement.com\/fr\/quel-jour-pour-demenager\/\">Voeux 2026<\/a>\r\n\t\t<\/h3>\r\n\t\t\r\n\t\t<div class=\"tg-module-meta\">\r\n\t\t\t\r\n\t\t\t<span class=\"tg-post-date entry-date\">\r\n\t\t\t\t<a href=\"https:\/\/www.tessiot-demenagement.com\/fr\/quel-jour-pour-demenager\/\" rel=\"bookmark\"><time class=\"entry-date published\" datetime=\"2026-01-05T11:24:10+01:00\">5 janvier 2026<\/time><time class=\"updated\" datetime=\"2026-01-06T16:55:58+01:00\">6 janvier 2026<\/time><\/a>\t\t\t<\/span>\r\n\r\n\t\t\t<span class=\"tg-post-auther-name author vcard\">\r\n\t\t\t\t<a class=\"url fn n\" href=\"https:\/\/www.tessiot-demenagement.com\/fr\/author\/atessiot\/\">atessiot<\/a>\t\t\t<\/span>\r\n\r\n\t\t\t\t\t<\/div>\r\n\r\n\t\t\r\n\t\t\t\t\t\t\t<div class=\"tg-expert entry-content\">\r\n\t\t\t\t\t\t\t\t<p>Voeux 2026<\/p>\n\t\t\t\t\t\t\t<\/div>\r\n\r\n\t\t\t\t\t\t<\/div>\r\n\t\t\t\t\t<\/div>\r\n\r\n\t\t\t\t\t\r\n\t\t\t\t\t<div class=\"tg-col-control\">\r\n\t\t\t\t\t\t<div class=\"tg_module_block\">\r\n\t\t\t\t\t\t\t\t\t\t\t\t\t\t\t<figure class=\"tg-module-thumb\">\r\n\t\t\t\t\t\t\t\t\t\t\t<a href=\"https:\/\/www.tessiot-demenagement.com\/fr\/pouvez-vous-demenager-en-fin-dannee\/\" class=\"tg-thumb-link\">\r\n\t\t\t<img loading=\"lazy\" decoding=\"async\" width=\"392\" height=\"272\" src=\"https:\/\/www.tessiot-demenagement.com\/fr\/wp-content\/uploads\/2021\/12\/Nos-formules-74-392x272.png\" class=\"attachment-colormag-highlighted-post size-colormag-highlighted-post wp-post-image\" alt=\"D\u00e9m\u00e9nager entre no\u00ebl et le 1er de l&#039;an\" srcset=\"https:\/\/www.tessiot-demenagement.com\/fr\/wp-content\/uploads\/2021\/12\/Nos-formules-74-392x272.png 392w, https:\/\/www.tessiot-demenagement.com\/fr\/wp-content\/uploads\/2021\/12\/Nos-formules-74-130x90.png 130w\" sizes=\"(max-width: 392px) 100vw, 392px\" \/>\t\t<\/a>\r\n\t\t<div class=\"tg-post-categories\"><a href=\"https:\/\/www.tessiot-demenagement.com\/fr\/category\/societe\/\" class=\"tg-post-category\" rel=\"category tag\">Soci\u00e9t\u00e9<\/a>&nbsp;<\/div>\t\t\t\t\t\t\t\t<\/figure>\r\n\t\t\t\t\t\t\t\t\r\n\t\t\t\t\t\t\t\t\t<h3 class=\"tg-module-title entry-title\">\r\n\t\t\t<a href=\"https:\/\/www.tessiot-demenagement.com\/fr\/pouvez-vous-demenager-en-fin-dannee\/\">Pouvez-vous d\u00e9m\u00e9nager en fin d\u2019ann\u00e9e ?<\/a>\r\n\t\t<\/h3>\r\n\t\t\r\n\t\t<div class=\"tg-module-meta\">\r\n\t\t\t\r\n\t\t\t<span class=\"tg-post-date entry-date\">\r\n\t\t\t\t<a href=\"https:\/\/www.tessiot-demenagement.com\/fr\/pouvez-vous-demenager-en-fin-dannee\/\" rel=\"bookmark\"><time class=\"entry-date published\" datetime=\"2025-12-12T09:20:28+01:00\">12 d\u00e9cembre 2025<\/time><time class=\"updated\" datetime=\"2025-12-12T09:45:31+01:00\">12 d\u00e9cembre 2025<\/time><\/a>\t\t\t<\/span>\r\n\r\n\t\t\t<span class=\"tg-post-auther-name author vcard\">\r\n\t\t\t\t<a class=\"url fn n\" href=\"https:\/\/www.tessiot-demenagement.com\/fr\/author\/atessiot\/\">atessiot<\/a>\t\t\t<\/span>\r\n\r\n\t\t\t\t\t<\/div>\r\n\r\n\t\t\r\n\t\t\t\t\t\t\t<div class=\"tg-expert entry-content\">\r\n\t\t\t\t\t\t\t\t<p>Pouvez-vous d\u00e9m\u00e9nager en fin d\u2019ann\u00e9e ? Votre bail de location expire au 31 d\u00e9cembre\u00a0? Vous \u00eates mut\u00e9 en d\u00e9but d\u2019ann\u00e9e<\/p>\n\t\t\t\t\t\t\t<\/div>\r\n\r\n\t\t\t\t\t\t<\/div>\r\n\t\t\t\t\t<\/div>\r\n\r\n\t\t\t\t\t\r\n\t\t\t\t\t<div class=\"tg-col-control\">\r\n\t\t\t\t\t\t<div class=\"tg_module_block\">\r\n\t\t\t\t\t\t\t\t\t\t\t\t\t\t\t<figure class=\"tg-module-thumb\">\r\n\t\t\t\t\t\t\t\t\t\t\t<a href=\"https:\/\/www.tessiot-demenagement.com\/fr\/aherent-la-dynamique-des-pme-engages\/\" class=\"tg-thumb-link\">\r\n\t\t\t<img loading=\"lazy\" decoding=\"async\" width=\"190\" height=\"234\" src=\"https:\/\/www.tessiot-demenagement.com\/fr\/wp-content\/uploads\/2025\/10\/adherente-engagee-CPME.png\" class=\"attachment-colormag-highlighted-post size-colormag-highlighted-post wp-post-image\" alt=\"\" \/>\t\t<\/a>\r\n\t\t<div class=\"tg-post-categories\"><a href=\"https:\/\/www.tessiot-demenagement.com\/fr\/category\/actualites-du-groupe-tessiot-demenagements\/\" style=\"background:#1e73be\" class=\"tg-post-category\" rel=\"category tag\">Actualit\u00e9s du Groupe Tessiot<\/a>&nbsp;<\/div>\t\t\t\t\t\t\t\t<\/figure>\r\n\t\t\t\t\t\t\t\t\r\n\t\t\t\t\t\t\t\t\t<h3 class=\"tg-module-title entry-title\">\r\n\t\t\t<a href=\"https:\/\/www.tessiot-demenagement.com\/fr\/aherent-la-dynamique-des-pme-engages\/\">Aherent la dynamique des PME engag\u00e9s<\/a>\r\n\t\t<\/h3>\r\n\t\t\r\n\t\t<div class=\"tg-module-meta\">\r\n\t\t\t\r\n\t\t\t<span class=\"tg-post-date entry-date\">\r\n\t\t\t\t<a href=\"https:\/\/www.tessiot-demenagement.com\/fr\/aherent-la-dynamique-des-pme-engages\/\" rel=\"bookmark\"><time class=\"entry-date published\" datetime=\"2025-10-31T11:46:22+01:00\">31 octobre 2025<\/time><time class=\"updated\" datetime=\"2026-01-06T16:58:18+01:00\">6 janvier 2026<\/time><\/a>\t\t\t<\/span>\r\n\r\n\t\t\t<span class=\"tg-post-auther-name author vcard\">\r\n\t\t\t\t<a class=\"url fn n\" href=\"https:\/\/www.tessiot-demenagement.com\/fr\/author\/atessiot\/\">atessiot<\/a>\t\t\t<\/span>\r\n\r\n\t\t\t\t\t<\/div>\r\n\r\n\t\t\r\n\t\t\t\t\t\t\t<div class=\"tg-expert entry-content\">\r\n\t\t\t\t\t\t\t\t\t\t\t\t\t\t\t<\/div>\r\n\r\n\t\t\t\t\t\t<\/div>\r\n\t\t\t\t\t<\/div>\r\n\r\n\t\t\t\t\t\r\n\t\t\t\t\t<div class=\"tg-col-control\">\r\n\t\t\t\t\t\t<div class=\"tg_module_block\">\r\n\t\t\t\t\t\t\t\t\t\t\t\t\t\t\t<figure class=\"tg-module-thumb\">\r\n\t\t\t\t\t\t\t\t\t\t\t<a href=\"https:\/\/www.tessiot-demenagement.com\/fr\/tessiot-demenagements-octobre-rose\/\" class=\"tg-thumb-link\">\r\n\t\t\t<img loading=\"lazy\" decoding=\"async\" width=\"272\" height=\"272\" src=\"https:\/\/www.tessiot-demenagement.com\/fr\/wp-content\/uploads\/2025\/10\/Copie-de-021023-octobre-rose-2-pdf.jpg\" class=\"attachment-colormag-highlighted-post size-colormag-highlighted-post wp-post-image\" alt=\"\" \/>\t\t<\/a>\r\n\t\t<div class=\"tg-post-categories\"><a href=\"https:\/\/www.tessiot-demenagement.com\/fr\/category\/actualites-du-groupe-tessiot-demenagements\/\" style=\"background:#1e73be\" class=\"tg-post-category\" rel=\"category tag\">Actualit\u00e9s du Groupe Tessiot<\/a>&nbsp;<\/div>\t\t\t\t\t\t\t\t<\/figure>\r\n\t\t\t\t\t\t\t\t\r\n\t\t\t\t\t\t\t\t\t<h3 class=\"tg-module-title entry-title\">\r\n\t\t\t<a href=\"https:\/\/www.tessiot-demenagement.com\/fr\/tessiot-demenagements-octobre-rose\/\">OCTOBRE ROSE 2025<\/a>\r\n\t\t<\/h3>\r\n\t\t\r\n\t\t<div class=\"tg-module-meta\">\r\n\t\t\t\r\n\t\t\t<span class=\"tg-post-date entry-date\">\r\n\t\t\t\t<a href=\"https:\/\/www.tessiot-demenagement.com\/fr\/tessiot-demenagements-octobre-rose\/\" rel=\"bookmark\"><time class=\"entry-date published\" datetime=\"2025-10-02T08:26:02+02:00\">2 octobre 2025<\/time><time class=\"updated\" datetime=\"2025-12-12T09:46:58+01:00\">12 d\u00e9cembre 2025<\/time><\/a>\t\t\t<\/span>\r\n\r\n\t\t\t<span class=\"tg-post-auther-name author vcard\">\r\n\t\t\t\t<a class=\"url fn n\" href=\"https:\/\/www.tessiot-demenagement.com\/fr\/author\/atessiot\/\">atessiot<\/a>\t\t\t<\/span>\r\n\r\n\t\t\t\t\t<\/div>\r\n\r\n\t\t\r\n\t\t\t\t\t\t\t<div class=\"tg-expert entry-content\">\r\n\t\t\t\t\t\t\t\t<p>Octobre Rose 2025 \u2013 Ensemble contre le cancer du sein campagne du 1 au 31 octobre 2025<\/p>\n\t\t\t\t\t\t\t<\/div>\r\n\r\n\t\t\t\t\t\t<\/div>\r\n\t\t\t\t\t<\/div>\r\n\r\n\t\t\t\t\t\r\n\t\t\t\t\t<div class=\"tg-col-control\">\r\n\t\t\t\t\t\t<div class=\"tg_module_block\">\r\n\t\t\t\t\t\t\t\t\t\t\t\t\t\t\t<figure class=\"tg-module-thumb\">\r\n\t\t\t\t\t\t\t\t\t\t\t<a href=\"https:\/\/www.tessiot-demenagement.com\/fr\/elementor-9878\/\" class=\"tg-thumb-link\">\r\n\t\t\t<img loading=\"lazy\" decoding=\"async\" width=\"392\" height=\"272\" src=\"https:\/\/www.tessiot-demenagement.com\/fr\/wp-content\/uploads\/2025\/09\/recto-jdp-392x272.jpg\" class=\"attachment-colormag-highlighted-post size-colormag-highlighted-post wp-post-image\" alt=\"\" srcset=\"https:\/\/www.tessiot-demenagement.com\/fr\/wp-content\/uploads\/2025\/09\/recto-jdp-392x272.jpg 392w, https:\/\/www.tessiot-demenagement.com\/fr\/wp-content\/uploads\/2025\/09\/recto-jdp-130x90.jpg 130w\" sizes=\"(max-width: 392px) 100vw, 392px\" \/>\t\t<\/a>\r\n\t\t<div class=\"tg-post-categories\"><a href=\"https:\/\/www.tessiot-demenagement.com\/fr\/category\/actualites-du-groupe-tessiot-demenagements\/\" style=\"background:#1e73be\" class=\"tg-post-category\" rel=\"category tag\">Actualit\u00e9s du Groupe Tessiot<\/a>&nbsp;<\/div>\t\t\t\t\t\t\t\t<\/figure>\r\n\t\t\t\t\t\t\t\t\r\n\t\t\t\t\t\t\t\t\t<h3 class=\"tg-module-title entry-title\">\r\n\t\t\t<a href=\"https:\/\/www.tessiot-demenagement.com\/fr\/elementor-9878\/\">Journ\u00e9e du Patrimoine chez Tessiot D\u00e9m\u00e9nagements<\/a>\r\n\t\t<\/h3>\r\n\t\t\r\n\t\t<div class=\"tg-module-meta\">\r\n\t\t\t\r\n\t\t\t<span class=\"tg-post-date entry-date\">\r\n\t\t\t\t<a href=\"https:\/\/www.tessiot-demenagement.com\/fr\/elementor-9878\/\" rel=\"bookmark\"><time class=\"entry-date published\" datetime=\"2025-09-19T10:24:33+02:00\">19 septembre 2025<\/time><time class=\"updated\" datetime=\"2025-09-19T17:03:58+02:00\">19 septembre 2025<\/time><\/a>\t\t\t<\/span>\r\n\r\n\t\t\t<span class=\"tg-post-auther-name author vcard\">\r\n\t\t\t\t<a class=\"url fn n\" href=\"https:\/\/www.tessiot-demenagement.com\/fr\/author\/atessiot\/\">atessiot<\/a>\t\t\t<\/span>\r\n\r\n\t\t\t\t\t<\/div>\r\n\r\n\t\t\r\n\t\t\t\t\t\t\t<div class=\"tg-expert entry-content\">\r\n\t\t\t\t\t\t\t\t<p>Programme du samedi 20 septembre 2025<\/p>\n\t\t\t\t\t\t\t<\/div>\r\n\r\n\t\t\t\t\t\t<\/div>\r\n\t\t\t\t\t<\/div>\r\n\r\n\t\t\t\t\t\r\n\t\t\t\t\t<div class=\"tg-col-control\">\r\n\t\t\t\t\t\t<div class=\"tg_module_block\">\r\n\t\t\t\t\t\t\t<div class=\"tg-post-categories\"><a href=\"https:\/\/www.tessiot-demenagement.com\/fr\/category\/actualites-du-groupe-tessiot-demenagements\/\" style=\"background:#1e73be\" class=\"tg-post-category\" rel=\"category tag\">Actualit\u00e9s du Groupe Tessiot<\/a>&nbsp;<a href=\"https:\/\/www.tessiot-demenagement.com\/fr\/category\/non-classe\/\" style=\"background:#81d742\" class=\"tg-post-category\" rel=\"category tag\">Non class\u00e9<\/a>&nbsp;<\/div>\r\n\t\t\t\t\t\t\t\t\t<h3 class=\"tg-module-title entry-title\">\r\n\t\t\t<a href=\"https:\/\/www.tessiot-demenagement.com\/fr\/tessiot-demenagements-recrute-2\/\">Tessiot D\u00e9m\u00e9nagements Recrute !<\/a>\r\n\t\t<\/h3>\r\n\t\t\r\n\t\t<div class=\"tg-module-meta\">\r\n\t\t\t\r\n\t\t\t<span class=\"tg-post-date entry-date\">\r\n\t\t\t\t<a href=\"https:\/\/www.tessiot-demenagement.com\/fr\/tessiot-demenagements-recrute-2\/\" rel=\"bookmark\"><time class=\"entry-date published\" datetime=\"2025-03-17T07:20:34+01:00\">17 mars 2025<\/time><time class=\"updated\" datetime=\"2025-03-24T10:58:27+01:00\">24 mars 2025<\/time><\/a>\t\t\t<\/span>\r\n\r\n\t\t\t<span class=\"tg-post-auther-name author vcard\">\r\n\t\t\t\t<a class=\"url fn n\" href=\"https:\/\/www.tessiot-demenagement.com\/fr\/author\/atessiot\/\">atessiot<\/a>\t\t\t<\/span>\r\n\r\n\t\t\t\t\t<\/div>\r\n\r\n\t\t\r\n\t\t\t\t\t\t\t<div class=\"tg-expert entry-content\">\r\n\t\t\t\t\t\t\t\t<p>Tessiot D\u00e9m\u00e9nagements Recrute ! Et si vous rejoigniez la grande famille de Tessiot D\u00e9m\u00e9nagements ?\u00a0 Entrez dans le secteur du<\/p>\n\t\t\t\t\t\t\t<\/div>\r\n\r\n\t\t\t\t\t\t<\/div>\r\n\t\t\t\t\t<\/div>\r\n\r\n\t\t\t\t\t\r\n\t\t\t\t\t<div class=\"tg-col-control\">\r\n\t\t\t\t\t\t<div class=\"tg_module_block\">\r\n\t\t\t\t\t\t\t\t\t\t\t\t\t\t\t<figure class=\"tg-module-thumb\">\r\n\t\t\t\t\t\t\t\t\t\t\t<a href=\"https:\/\/www.tessiot-demenagement.com\/fr\/5-gestes-ecolos-chez-tessiot-demenagements\/\" class=\"tg-thumb-link\">\r\n\t\t\t<img loading=\"lazy\" decoding=\"async\" width=\"392\" height=\"272\" src=\"https:\/\/www.tessiot-demenagement.com\/fr\/wp-content\/uploads\/2022\/11\/sqsdqsdqsdq-392x272.jpg\" class=\"attachment-colormag-highlighted-post size-colormag-highlighted-post wp-post-image\" alt=\"\" srcset=\"https:\/\/www.tessiot-demenagement.com\/fr\/wp-content\/uploads\/2022\/11\/sqsdqsdqsdq-392x272.jpg 392w, https:\/\/www.tessiot-demenagement.com\/fr\/wp-content\/uploads\/2022\/11\/sqsdqsdqsdq-130x90.jpg 130w\" sizes=\"(max-width: 392px) 100vw, 392px\" \/>\t\t<\/a>\r\n\t\t<div class=\"tg-post-categories\"><a href=\"https:\/\/www.tessiot-demenagement.com\/fr\/category\/actualites-du-groupe-tessiot-demenagements\/\" style=\"background:#1e73be\" class=\"tg-post-category\" rel=\"category tag\">Actualit\u00e9s du Groupe Tessiot<\/a>&nbsp;<\/div>\t\t\t\t\t\t\t\t<\/figure>\r\n\t\t\t\t\t\t\t\t\r\n\t\t\t\t\t\t\t\t\t<h3 class=\"tg-module-title entry-title\">\r\n\t\t\t<a href=\"https:\/\/www.tessiot-demenagement.com\/fr\/5-gestes-ecolos-chez-tessiot-demenagements\/\">5 gestes RSE chez Tessiot D\u00e9m\u00e9nagements<\/a>\r\n\t\t<\/h3>\r\n\t\t\r\n\t\t<div class=\"tg-module-meta\">\r\n\t\t\t\r\n\t\t\t<span class=\"tg-post-date entry-date\">\r\n\t\t\t\t<a href=\"https:\/\/www.tessiot-demenagement.com\/fr\/5-gestes-ecolos-chez-tessiot-demenagements\/\" rel=\"bookmark\"><time class=\"entry-date published\" datetime=\"2025-02-14T08:10:25+01:00\">14 f\u00e9vrier 2025<\/time><time class=\"updated\" datetime=\"2025-03-17T07:39:39+01:00\">17 mars 2025<\/time><\/a>\t\t\t<\/span>\r\n\r\n\t\t\t<span class=\"tg-post-auther-name author vcard\">\r\n\t\t\t\t<a class=\"url fn n\" href=\"https:\/\/www.tessiot-demenagement.com\/fr\/author\/atessiot\/\">atessiot<\/a>\t\t\t<\/span>\r\n\r\n\t\t\t\t\t<\/div>\r\n\r\n\t\t\r\n\t\t\t\t\t\t\t<div class=\"tg-expert entry-content\">\r\n\t\t\t\t\t\t\t\t<p>5 gestes RSE chez Tessiot D\u00e9m\u00e9nagements 1. Pas de surconsommation chez Tessiot \u00a0 Des \u00e9quipements sp\u00e9ciaux dit \u00ab longue vie<\/p>\n\t\t\t\t\t\t\t<\/div>\r\n\r\n\t\t\t\t\t\t<\/div>\r\n\t\t\t\t\t<\/div>\r\n\r\n\t\t\t\t\t\r\n\t\t\t\t\t<div class=\"tg-col-control\">\r\n\t\t\t\t\t\t<div class=\"tg_module_block\">\r\n\t\t\t\t\t\t\t\t\t\t\t\t\t\t\t<figure class=\"tg-module-thumb\">\r\n\t\t\t\t\t\t\t\t\t\t\t<a href=\"https:\/\/www.tessiot-demenagement.com\/fr\/a-tessiot-demenagements-une-entreprise-mobile-et-soucieuse-de-lenvironnement\/\" class=\"tg-thumb-link\">\r\n\t\t\t<img loading=\"lazy\" decoding=\"async\" width=\"392\" height=\"272\" src=\"https:\/\/www.tessiot-demenagement.com\/fr\/wp-content\/uploads\/2022\/09\/Miniature-article-mobilite-392x272.jpg\" class=\"attachment-colormag-highlighted-post size-colormag-highlighted-post wp-post-image\" alt=\"\" srcset=\"https:\/\/www.tessiot-demenagement.com\/fr\/wp-content\/uploads\/2022\/09\/Miniature-article-mobilite-392x272.jpg 392w, https:\/\/www.tessiot-demenagement.com\/fr\/wp-content\/uploads\/2022\/09\/Miniature-article-mobilite-130x90.jpg 130w, https:\/\/www.tessiot-demenagement.com\/fr\/wp-content\/uploads\/2022\/09\/Miniature-article-mobilite-600x417.jpg 600w\" sizes=\"(max-width: 392px) 100vw, 392px\" \/>\t\t<\/a>\r\n\t\t<div class=\"tg-post-categories\"><a href=\"https:\/\/www.tessiot-demenagement.com\/fr\/category\/actualites-du-groupe-tessiot-demenagements\/\" style=\"background:#1e73be\" class=\"tg-post-category\" rel=\"category tag\">Actualit\u00e9s du Groupe Tessiot<\/a>&nbsp;<\/div>\t\t\t\t\t\t\t\t<\/figure>\r\n\t\t\t\t\t\t\t\t\r\n\t\t\t\t\t\t\t\t\t<h3 class=\"tg-module-title entry-title\">\r\n\t\t\t<a href=\"https:\/\/www.tessiot-demenagement.com\/fr\/a-tessiot-demenagements-une-entreprise-mobile-et-soucieuse-de-lenvironnement\/\">A. Tessiot D\u00e9m\u00e9nagements, une entreprise mobile et soucieuse de l&#8217;environnement !<\/a>\r\n\t\t<\/h3>\r\n\t\t\r\n\t\t<div class=\"tg-module-meta\">\r\n\t\t\t\r\n\t\t\t<span class=\"tg-post-date entry-date\">\r\n\t\t\t\t<a href=\"https:\/\/www.tessiot-demenagement.com\/fr\/a-tessiot-demenagements-une-entreprise-mobile-et-soucieuse-de-lenvironnement\/\" rel=\"bookmark\"><time class=\"entry-date published\" datetime=\"2025-01-27T10:59:22+01:00\">27 janvier 2025<\/time><time class=\"updated\" datetime=\"2025-03-17T07:58:03+01:00\">17 mars 2025<\/time><\/a>\t\t\t<\/span>\r\n\r\n\t\t\t<span class=\"tg-post-auther-name author vcard\">\r\n\t\t\t\t<a class=\"url fn n\" href=\"https:\/\/www.tessiot-demenagement.com\/fr\/author\/atessiot\/\">atessiot<\/a>\t\t\t<\/span>\r\n\r\n\t\t\t\t\t<\/div>\r\n\r\n\t\t\r\n\t\t\t\t\t\t\t<div class=\"tg-expert entry-content\">\r\n\t\t\t\t\t\t\t\t<p>A.Tessiot d\u00e9m\u00e9nagements, une entreprise mobile et soucieuse de l&#8217;environnement ! \u00a0Durant des si\u00e8cles, nos anc\u00eatres sont rest\u00e9s s\u00e9dentaires ! Aujourd\u2019hui<\/p>\n\t\t\t\t\t\t\t<\/div>\r\n\r\n\t\t\t\t\t\t<\/div>\r\n\t\t\t\t\t<\/div>\r\n\r\n\t\t\t\t\t\r\n\t\t\t\t\t<div class=\"tg-col-control\">\r\n\t\t\t\t\t\t<div class=\"tg_module_block\">\r\n\t\t\t\t\t\t\t\t\t\t\t\t\t\t\t<figure class=\"tg-module-thumb\">\r\n\t\t\t\t\t\t\t\t\t\t\t<a href=\"https:\/\/www.tessiot-demenagement.com\/fr\/tessiot-demenagements-recrute\/\" class=\"tg-thumb-link\">\r\n\t\t\t<img loading=\"lazy\" decoding=\"async\" width=\"392\" height=\"272\" src=\"https:\/\/www.tessiot-demenagement.com\/fr\/wp-content\/uploads\/2022\/05\/Miniature-pour-video-e1658913855878-392x272.jpg\" class=\"attachment-colormag-highlighted-post size-colormag-highlighted-post wp-post-image\" alt=\"\" srcset=\"https:\/\/www.tessiot-demenagement.com\/fr\/wp-content\/uploads\/2022\/05\/Miniature-pour-video-e1658913855878-392x272.jpg 392w, https:\/\/www.tessiot-demenagement.com\/fr\/wp-content\/uploads\/2022\/05\/Miniature-pour-video-e1658913855878-130x90.jpg 130w\" sizes=\"(max-width: 392px) 100vw, 392px\" \/>\t\t<\/a>\r\n\t\t<div class=\"tg-post-categories\"><a href=\"https:\/\/www.tessiot-demenagement.com\/fr\/category\/actualites-du-groupe-tessiot-demenagements\/\" style=\"background:#1e73be\" class=\"tg-post-category\" rel=\"category tag\">Actualit\u00e9s du Groupe Tessiot<\/a>&nbsp;<\/div>\t\t\t\t\t\t\t\t<\/figure>\r\n\t\t\t\t\t\t\t\t\r\n\t\t\t\t\t\t\t\t\t<h3 class=\"tg-module-title entry-title\">\r\n\t\t\t<a href=\"https:\/\/www.tessiot-demenagement.com\/fr\/tessiot-demenagements-recrute\/\">Tessiot D\u00e9m\u00e9nagements recrute<\/a>\r\n\t\t<\/h3>\r\n\t\t\r\n\t\t<div class=\"tg-module-meta\">\r\n\t\t\t\r\n\t\t\t<span class=\"tg-post-date entry-date\">\r\n\t\t\t\t<a href=\"https:\/\/www.tessiot-demenagement.com\/fr\/tessiot-demenagements-recrute\/\" rel=\"bookmark\"><time class=\"entry-date published\" datetime=\"2024-05-24T10:00:00+02:00\">24 mai 2024<\/time><time class=\"updated\" datetime=\"2024-05-28T18:56:08+02:00\">28 mai 2024<\/time><\/a>\t\t\t<\/span>\r\n\r\n\t\t\t<span class=\"tg-post-auther-name author vcard\">\r\n\t\t\t\t<a class=\"url fn n\" href=\"https:\/\/www.tessiot-demenagement.com\/fr\/author\/atessiot\/\">atessiot<\/a>\t\t\t<\/span>\r\n\r\n\t\t\t\t\t<\/div>\r\n\r\n\t\t\r\n\t\t\t\t\t\t\t<div class=\"tg-expert entry-content\">\r\n\t\t\t\t\t\t\t\t<p>La saison reprend, notre recrutement \u00e9galement ! Tessiot d\u00e9m\u00e9nagement recrute des d\u00e9m\u00e9nageurs professionnels ! Et si c&#8217;\u00e9tait vous notre perle<\/p>\n\t\t\t\t\t\t\t<\/div>\r\n\r\n\t\t\t\t\t\t<\/div>\r\n\t\t\t\t\t<\/div>\r\n\r\n\t\t\t\t\t\r\n\t\t\t\t\t<div class=\"tg-col-control\">\r\n\t\t\t\t\t\t<div class=\"tg_module_block\">\r\n\t\t\t\t\t\t\t\t\t\t\t\t\t\t\t<figure class=\"tg-module-thumb\">\r\n\t\t\t\t\t\t\t\t\t\t\t<a href=\"https:\/\/www.tessiot-demenagement.com\/fr\/qu-est-ce-qu-un-groupage\/\" class=\"tg-thumb-link\">\r\n\t\t\t<img loading=\"lazy\" decoding=\"async\" width=\"392\" height=\"272\" src=\"https:\/\/www.tessiot-demenagement.com\/fr\/wp-content\/uploads\/2022\/03\/flat-lay-of-real-estate-concept-392x272.jpg\" class=\"attachment-colormag-highlighted-post size-colormag-highlighted-post wp-post-image\" alt=\"D\u00e9m\u00e9nagement et transport par groupage\" srcset=\"https:\/\/www.tessiot-demenagement.com\/fr\/wp-content\/uploads\/2022\/03\/flat-lay-of-real-estate-concept-392x272.jpg 392w, https:\/\/www.tessiot-demenagement.com\/fr\/wp-content\/uploads\/2022\/03\/flat-lay-of-real-estate-concept-130x90.jpg 130w\" sizes=\"(max-width: 392px) 100vw, 392px\" \/>\t\t<\/a>\r\n\t\t<div class=\"tg-post-categories\"><a href=\"https:\/\/www.tessiot-demenagement.com\/fr\/category\/nos-services\/\" style=\"background:#81d742\" class=\"tg-post-category\" rel=\"category tag\">Nos services<\/a>&nbsp;<\/div>\t\t\t\t\t\t\t\t<\/figure>\r\n\t\t\t\t\t\t\t\t\r\n\t\t\t\t\t\t\t\t\t<h3 class=\"tg-module-title entry-title\">\r\n\t\t\t<a href=\"https:\/\/www.tessiot-demenagement.com\/fr\/qu-est-ce-qu-un-groupage\/\">Qu&#8217;est ce qu&#8217;un groupage ?<\/a>\r\n\t\t<\/h3>\r\n\t\t\r\n\t\t<div class=\"tg-module-meta\">\r\n\t\t\t\r\n\t\t\t<span class=\"tg-post-date entry-date\">\r\n\t\t\t\t<a href=\"https:\/\/www.tessiot-demenagement.com\/fr\/qu-est-ce-qu-un-groupage\/\" rel=\"bookmark\"><time class=\"entry-date published\" datetime=\"2024-03-02T14:00:00+01:00\">2 mars 2024<\/time><time class=\"updated\" datetime=\"2024-05-28T20:18:08+02:00\">28 mai 2024<\/time><\/a>\t\t\t<\/span>\r\n\r\n\t\t\t<span class=\"tg-post-auther-name author vcard\">\r\n\t\t\t\t<a class=\"url fn n\" href=\"https:\/\/www.tessiot-demenagement.com\/fr\/author\/atessiot\/\">atessiot<\/a>\t\t\t<\/span>\r\n\r\n\t\t\t\t\t<\/div>\r\n\r\n\t\t\r\n\t\t\t\t\t\t\t<div class=\"tg-expert entry-content\">\r\n\t\t\t\t\t\t\t\t<p>Qu&#8217;est ce qu&#8217;un groupage ? Faites des \u00e9conomies sur vos d\u00e9m\u00e9nagements avec Tessiot D\u00e9m\u00e9nagements en profitant du groupage. Mais qu&#8217;est<\/p>\n\t\t\t\t\t\t\t<\/div>\r\n\r\n\t\t\t\t\t\t<\/div>\r\n\t\t\t\t\t<\/div>\r\n\r\n\t\t\t\t\t\r\n\t\t\t\t\t<div class=\"tg-col-control\">\r\n\t\t\t\t\t\t<div class=\"tg_module_block\">\r\n\t\t\t\t\t\t\t\t\t\t\t\t\t\t\t<figure class=\"tg-module-thumb\">\r\n\t\t\t\t\t\t\t\t\t\t\t<a href=\"https:\/\/www.tessiot-demenagement.com\/fr\/transfert-administratif-du-lycee-vancansson-a-tours\/\" class=\"tg-thumb-link\">\r\n\t\t\t<img loading=\"lazy\" decoding=\"async\" width=\"392\" height=\"272\" src=\"https:\/\/www.tessiot-demenagement.com\/fr\/wp-content\/uploads\/2023\/08\/210823-Transfert-de-bureaux-5-392x272.jpg\" class=\"attachment-colormag-highlighted-post size-colormag-highlighted-post wp-post-image\" alt=\"\" srcset=\"https:\/\/www.tessiot-demenagement.com\/fr\/wp-content\/uploads\/2023\/08\/210823-Transfert-de-bureaux-5-392x272.jpg 392w, https:\/\/www.tessiot-demenagement.com\/fr\/wp-content\/uploads\/2023\/08\/210823-Transfert-de-bureaux-5-130x90.jpg 130w, https:\/\/www.tessiot-demenagement.com\/fr\/wp-content\/uploads\/2023\/08\/210823-Transfert-de-bureaux-5-600x417.jpg 600w\" sizes=\"(max-width: 392px) 100vw, 392px\" \/>\t\t<\/a>\r\n\t\t<div class=\"tg-post-categories\"><a href=\"https:\/\/www.tessiot-demenagement.com\/fr\/category\/nos-services\/\" style=\"background:#81d742\" class=\"tg-post-category\" rel=\"category tag\">Nos services<\/a>&nbsp;<\/div>\t\t\t\t\t\t\t\t<\/figure>\r\n\t\t\t\t\t\t\t\t\r\n\t\t\t\t\t\t\t\t\t<h3 class=\"tg-module-title entry-title\">\r\n\t\t\t<a href=\"https:\/\/www.tessiot-demenagement.com\/fr\/transfert-administratif-du-lycee-vancansson-a-tours\/\">Transfert Administratif du Lyc\u00e9e Vancansson \u00e0 Tours<\/a>\r\n\t\t<\/h3>\r\n\t\t\r\n\t\t<div class=\"tg-module-meta\">\r\n\t\t\t\r\n\t\t\t<span class=\"tg-post-date entry-date\">\r\n\t\t\t\t<a href=\"https:\/\/www.tessiot-demenagement.com\/fr\/transfert-administratif-du-lycee-vancansson-a-tours\/\" rel=\"bookmark\"><time class=\"entry-date published\" datetime=\"2023-08-22T10:52:10+02:00\">22 ao\u00fbt 2023<\/time><time class=\"updated\" datetime=\"2025-03-24T10:58:36+01:00\">24 mars 2025<\/time><\/a>\t\t\t<\/span>\r\n\r\n\t\t\t<span class=\"tg-post-auther-name author vcard\">\r\n\t\t\t\t<a class=\"url fn n\" href=\"https:\/\/www.tessiot-demenagement.com\/fr\/author\/capucine\/\">capucine<\/a>\t\t\t<\/span>\r\n\r\n\t\t\t\t\t<\/div>\r\n\r\n\t\t\r\n\t\t\t\t\t\t\t<div class=\"tg-expert entry-content\">\r\n\t\t\t\t\t\t\t\t<p>D\u00e9couvrez l&#8217;une de nos prestations : le transfert administratif. Cette fois-ci nos d\u00e9m\u00e9nageurs ont sorti les muscles pour le lyc\u00e9e<\/p>\n\t\t\t\t\t\t\t<\/div>\r\n\r\n\t\t\t\t\t\t<\/div>\r\n\t\t\t\t\t<\/div>\r\n\r\n\t\t\t\t\t\r\n\t\t\t\t\t<div class=\"tg-col-control\">\r\n\t\t\t\t\t\t<div class=\"tg_module_block\">\r\n\t\t\t\t\t\t\t\t\t\t\t\t\t\t\t<figure class=\"tg-module-thumb\">\r\n\t\t\t\t\t\t\t\t\t\t\t<a href=\"https:\/\/www.tessiot-demenagement.com\/fr\/chez-tessiot-demenagement-education-rime-avec-formation\/\" class=\"tg-thumb-link\">\r\n\t\t\t<img loading=\"lazy\" decoding=\"async\" width=\"392\" height=\"272\" src=\"https:\/\/www.tessiot-demenagement.com\/fr\/wp-content\/uploads\/2023\/01\/1-392x272.jpg\" class=\"attachment-colormag-highlighted-post size-colormag-highlighted-post wp-post-image\" alt=\"\" srcset=\"https:\/\/www.tessiot-demenagement.com\/fr\/wp-content\/uploads\/2023\/01\/1-392x272.jpg 392w, https:\/\/www.tessiot-demenagement.com\/fr\/wp-content\/uploads\/2023\/01\/1-130x90.jpg 130w, https:\/\/www.tessiot-demenagement.com\/fr\/wp-content\/uploads\/2023\/01\/1-600x417.jpg 600w\" sizes=\"(max-width: 392px) 100vw, 392px\" \/>\t\t<\/a>\r\n\t\t<div class=\"tg-post-categories\"><a href=\"https:\/\/www.tessiot-demenagement.com\/fr\/category\/actualites-du-groupe-tessiot-demenagements\/\" style=\"background:#1e73be\" class=\"tg-post-category\" rel=\"category tag\">Actualit\u00e9s du Groupe Tessiot<\/a>&nbsp;<\/div>\t\t\t\t\t\t\t\t<\/figure>\r\n\t\t\t\t\t\t\t\t\r\n\t\t\t\t\t\t\t\t\t<h3 class=\"tg-module-title entry-title\">\r\n\t\t\t<a href=\"https:\/\/www.tessiot-demenagement.com\/fr\/chez-tessiot-demenagement-education-rime-avec-formation\/\">Chez Tessiot D\u00e9m\u00e9nagement : Education rime avec Formation<\/a>\r\n\t\t<\/h3>\r\n\t\t\r\n\t\t<div class=\"tg-module-meta\">\r\n\t\t\t\r\n\t\t\t<span class=\"tg-post-date entry-date\">\r\n\t\t\t\t<a href=\"https:\/\/www.tessiot-demenagement.com\/fr\/chez-tessiot-demenagement-education-rime-avec-formation\/\" rel=\"bookmark\"><time class=\"entry-date published\" datetime=\"2023-01-24T16:49:27+01:00\">24 janvier 2023<\/time><time class=\"updated\" datetime=\"2025-03-24T10:59:08+01:00\">24 mars 2025<\/time><\/a>\t\t\t<\/span>\r\n\r\n\t\t\t<span class=\"tg-post-auther-name author vcard\">\r\n\t\t\t\t<a class=\"url fn n\" href=\"https:\/\/www.tessiot-demenagement.com\/fr\/author\/cdechaud\/\">Cl\u00e9ment Dechaud<\/a>\t\t\t<\/span>\r\n\r\n\t\t\t\t\t<\/div>\r\n\r\n\t\t\r\n\t\t\t\t\t\t\t<div class=\"tg-expert entry-content\">\r\n\t\t\t\t\t\t\t\t<p>Chez Tessiot Demenagements : Education rime avec formation C&#8217;est la journ\u00e9e mondiale de l&#8217;\u00e9ducation ! L&#8217;occasion de vous montrer l&#8217;int\u00e9r\u00eat<\/p>\n\t\t\t\t\t\t\t<\/div>\r\n\r\n\t\t\t\t\t\t<\/div>\r\n\t\t\t\t\t<\/div>\r\n\r\n\t\t\t\t\t\r\n\t\t\t\t\t<div class=\"tg-col-control\">\r\n\t\t\t\t\t\t<div class=\"tg_module_block\">\r\n\t\t\t\t\t\t\t\t\t\t\t\t\t\t\t<figure class=\"tg-module-thumb\">\r\n\t\t\t\t\t\t\t\t\t\t\t<a href=\"https:\/\/www.tessiot-demenagement.com\/fr\/dimanche-de-lhistoire-le-u23\/\" class=\"tg-thumb-link\">\r\n\t\t\t<img loading=\"lazy\" decoding=\"async\" width=\"392\" height=\"272\" src=\"https:\/\/www.tessiot-demenagement.com\/fr\/wp-content\/uploads\/2022\/11\/image-entete-article-wordpress-392x272.jpg\" class=\"attachment-colormag-highlighted-post size-colormag-highlighted-post wp-post-image\" alt=\"\" srcset=\"https:\/\/www.tessiot-demenagement.com\/fr\/wp-content\/uploads\/2022\/11\/image-entete-article-wordpress-392x272.jpg 392w, https:\/\/www.tessiot-demenagement.com\/fr\/wp-content\/uploads\/2022\/11\/image-entete-article-wordpress-130x90.jpg 130w, https:\/\/www.tessiot-demenagement.com\/fr\/wp-content\/uploads\/2022\/11\/image-entete-article-wordpress-600x417.jpg 600w\" sizes=\"(max-width: 392px) 100vw, 392px\" \/>\t\t<\/a>\r\n\t\t<div class=\"tg-post-categories\"><a href=\"https:\/\/www.tessiot-demenagement.com\/fr\/category\/societe\/\" class=\"tg-post-category\" rel=\"category tag\">Soci\u00e9t\u00e9<\/a>&nbsp;<\/div>\t\t\t\t\t\t\t\t<\/figure>\r\n\t\t\t\t\t\t\t\t\r\n\t\t\t\t\t\t\t\t\t<h3 class=\"tg-module-title entry-title\">\r\n\t\t\t<a href=\"https:\/\/www.tessiot-demenagement.com\/fr\/dimanche-de-lhistoire-le-u23\/\">Dimanches de l&#8217;histoire : Le U23<\/a>\r\n\t\t<\/h3>\r\n\t\t\r\n\t\t<div class=\"tg-module-meta\">\r\n\t\t\t\r\n\t\t\t<span class=\"tg-post-date entry-date\">\r\n\t\t\t\t<a href=\"https:\/\/www.tessiot-demenagement.com\/fr\/dimanche-de-lhistoire-le-u23\/\" rel=\"bookmark\"><time class=\"entry-date published\" datetime=\"2022-11-04T17:35:18+01:00\">4 novembre 2022<\/time><time class=\"updated\" datetime=\"2022-11-04T17:53:20+01:00\">4 novembre 2022<\/time><\/a>\t\t\t<\/span>\r\n\r\n\t\t\t<span class=\"tg-post-auther-name author vcard\">\r\n\t\t\t\t<a class=\"url fn n\" href=\"https:\/\/www.tessiot-demenagement.com\/fr\/author\/cdechaud\/\">Cl\u00e9ment Dechaud<\/a>\t\t\t<\/span>\r\n\r\n\t\t\t\t\t<\/div>\r\n\r\n\t\t\r\n\t\t\t\t\t\t\t<div class=\"tg-expert entry-content\">\r\n\t\t\t\t\t\t\t\t<p>Dimanches de l&#8217;Histoire : Le U23, un v\u00e9hicule d&#8217;apr\u00e8s Guerre ! Pour ce deuxi\u00e8me \u00e9pisode des dimanches de l&#8217;Histoire, monsieur<\/p>\n\t\t\t\t\t\t\t<\/div>\r\n\r\n\t\t\t\t\t\t<\/div>\r\n\t\t\t\t\t<\/div>\r\n\r\n\t\t\t\t\t\r\n\t\t\t\t\t<div class=\"tg-col-control\">\r\n\t\t\t\t\t\t<div class=\"tg_module_block\">\r\n\t\t\t\t\t\t\t\t\t\t\t\t\t\t\t<figure class=\"tg-module-thumb\">\r\n\t\t\t\t\t\t\t\t\t\t\t<a href=\"https:\/\/www.tessiot-demenagement.com\/fr\/animaux-pendant-le-demenagement-comment-ca-se-passe\/\" class=\"tg-thumb-link\">\r\n\t\t\t<img loading=\"lazy\" decoding=\"async\" width=\"392\" height=\"272\" src=\"https:\/\/www.tessiot-demenagement.com\/fr\/wp-content\/uploads\/2022\/08\/miniature-article-journe-du-chien-retou-he-392x272.jpg\" class=\"attachment-colormag-highlighted-post size-colormag-highlighted-post wp-post-image\" alt=\"\" srcset=\"https:\/\/www.tessiot-demenagement.com\/fr\/wp-content\/uploads\/2022\/08\/miniature-article-journe-du-chien-retou-he-392x272.jpg 392w, https:\/\/www.tessiot-demenagement.com\/fr\/wp-content\/uploads\/2022\/08\/miniature-article-journe-du-chien-retou-he-130x90.jpg 130w, https:\/\/www.tessiot-demenagement.com\/fr\/wp-content\/uploads\/2022\/08\/miniature-article-journe-du-chien-retou-he-600x417.jpg 600w\" sizes=\"(max-width: 392px) 100vw, 392px\" \/>\t\t<\/a>\r\n\t\t<div class=\"tg-post-categories\"><a href=\"https:\/\/www.tessiot-demenagement.com\/fr\/category\/actualites-du-groupe-tessiot-demenagements\/\" style=\"background:#1e73be\" class=\"tg-post-category\" rel=\"category tag\">Actualit\u00e9s du Groupe Tessiot<\/a>&nbsp;<\/div>\t\t\t\t\t\t\t\t<\/figure>\r\n\t\t\t\t\t\t\t\t\r\n\t\t\t\t\t\t\t\t\t<h3 class=\"tg-module-title entry-title\">\r\n\t\t\t<a href=\"https:\/\/www.tessiot-demenagement.com\/fr\/animaux-pendant-le-demenagement-comment-ca-se-passe\/\">Animaux pendant le d\u00e9m\u00e9nagement ? Comment \u00e7a se passe ?<\/a>\r\n\t\t<\/h3>\r\n\t\t\r\n\t\t<div class=\"tg-module-meta\">\r\n\t\t\t\r\n\t\t\t<span class=\"tg-post-date entry-date\">\r\n\t\t\t\t<a href=\"https:\/\/www.tessiot-demenagement.com\/fr\/animaux-pendant-le-demenagement-comment-ca-se-passe\/\" rel=\"bookmark\"><time class=\"entry-date published\" datetime=\"2022-08-26T16:37:39+02:00\">26 ao\u00fbt 2022<\/time><time class=\"updated\" datetime=\"2022-08-29T17:24:09+02:00\">29 ao\u00fbt 2022<\/time><\/a>\t\t\t<\/span>\r\n\r\n\t\t\t<span class=\"tg-post-auther-name author vcard\">\r\n\t\t\t\t<a class=\"url fn n\" href=\"https:\/\/www.tessiot-demenagement.com\/fr\/author\/cdechaud\/\">Cl\u00e9ment Dechaud<\/a>\t\t\t<\/span>\r\n\r\n\t\t\t\t\t<\/div>\r\n\r\n\t\t\r\n\t\t\t\t\t\t\t<div class=\"tg-expert entry-content\">\r\n\t\t\t\t\t\t\t\t<p>Animaux pendant le d\u00e9m\u00e9nagement ? Comment \u00e7a se passe ? Nos animaux, on les aime, mais lorsque l\u2019on d\u00e9m\u00e9nage, on<\/p>\n\t\t\t\t\t\t\t<\/div>\r\n\r\n\t\t\t\t\t\t<\/div>\r\n\t\t\t\t\t<\/div>\r\n\r\n\t\t\t\t\t\r\n\t\t\t\t\t<div class=\"tg-col-control\">\r\n\t\t\t\t\t\t<div class=\"tg_module_block\">\r\n\t\t\t\t\t\t\t\t\t\t\t\t\t\t\t<figure class=\"tg-module-thumb\">\r\n\t\t\t\t\t\t\t\t\t\t\t<a href=\"https:\/\/www.tessiot-demenagement.com\/fr\/comment-les-demenageurs-plus-exposes-pendant-la-canicule-sadapent-ils\/\" class=\"tg-thumb-link\">\r\n\t\t\t<img loading=\"lazy\" decoding=\"async\" width=\"300\" height=\"252\" src=\"https:\/\/www.tessiot-demenagement.com\/fr\/wp-content\/uploads\/2022\/08\/France3-1.png\" class=\"attachment-colormag-highlighted-post size-colormag-highlighted-post wp-post-image\" alt=\"\" \/>\t\t<\/a>\r\n\t\t<div class=\"tg-post-categories\"><a href=\"https:\/\/www.tessiot-demenagement.com\/fr\/category\/actualites-du-groupe-tessiot-demenagements\/\" style=\"background:#1e73be\" class=\"tg-post-category\" rel=\"category tag\">Actualit\u00e9s du Groupe Tessiot<\/a>&nbsp;<\/div>\t\t\t\t\t\t\t\t<\/figure>\r\n\t\t\t\t\t\t\t\t\r\n\t\t\t\t\t\t\t\t\t<h3 class=\"tg-module-title entry-title\">\r\n\t\t\t<a href=\"https:\/\/www.tessiot-demenagement.com\/fr\/comment-les-demenageurs-plus-exposes-pendant-la-canicule-sadapent-ils\/\">Comment les d\u00e9m\u00e9nageurs plus expos\u00e9s pendant la canicule s&#8217;adaptent-ils\u00a0?<\/a>\r\n\t\t<\/h3>\r\n\t\t\r\n\t\t<div class=\"tg-module-meta\">\r\n\t\t\t\r\n\t\t\t<span class=\"tg-post-date entry-date\">\r\n\t\t\t\t<a href=\"https:\/\/www.tessiot-demenagement.com\/fr\/comment-les-demenageurs-plus-exposes-pendant-la-canicule-sadapent-ils\/\" rel=\"bookmark\"><time class=\"entry-date published\" datetime=\"2022-07-26T10:11:51+02:00\">26 juillet 2022<\/time><time class=\"updated\" datetime=\"2022-08-10T15:57:35+02:00\">10 ao\u00fbt 2022<\/time><\/a>\t\t\t<\/span>\r\n\r\n\t\t\t<span class=\"tg-post-auther-name author vcard\">\r\n\t\t\t\t<a class=\"url fn n\" href=\"https:\/\/www.tessiot-demenagement.com\/fr\/author\/nadia-dupuis\/\">nadia Dupuis<\/a>\t\t\t<\/span>\r\n\r\n\t\t\t\t\t<\/div>\r\n\r\n\t\t\r\n\t\t\t\t\t\t\t<div class=\"tg-expert entry-content\">\r\n\t\t\t\t\t\t\t\t<p>Lundi 17 juin, nous avons atteint les 40\u00b0 \u00e0 l\u2019ext\u00e9rieur, 50 dans les camions. Des temp\u00e9ratures extr\u00eames mais qui n\u2019ont<\/p>\n\t\t\t\t\t\t\t<\/div>\r\n\r\n\t\t\t\t\t\t<\/div>\r\n\t\t\t\t\t<\/div>\r\n\r\n\t\t\t\t\t\r\n\t\t\t\t\t<div class=\"tg-col-control\">\r\n\t\t\t\t\t\t<div class=\"tg_module_block\">\r\n\t\t\t\t\t\t\t\t\t\t\t\t\t\t\t<figure class=\"tg-module-thumb\">\r\n\t\t\t\t\t\t\t\t\t\t\t<a href=\"https:\/\/www.tessiot-demenagement.com\/fr\/demenager-dans-lallier\/\" class=\"tg-thumb-link\">\r\n\t\t\t<img loading=\"lazy\" decoding=\"async\" width=\"392\" height=\"272\" src=\"https:\/\/www.tessiot-demenagement.com\/fr\/wp-content\/uploads\/2022\/02\/Tessiot-embauche-19-392x272.jpg\" class=\"attachment-colormag-highlighted-post size-colormag-highlighted-post wp-post-image\" alt=\"d\u00e9m\u00e9nager \u00e0 Monlu\u00e7on\" srcset=\"https:\/\/www.tessiot-demenagement.com\/fr\/wp-content\/uploads\/2022\/02\/Tessiot-embauche-19-392x272.jpg 392w, https:\/\/www.tessiot-demenagement.com\/fr\/wp-content\/uploads\/2022\/02\/Tessiot-embauche-19-130x90.jpg 130w, https:\/\/www.tessiot-demenagement.com\/fr\/wp-content\/uploads\/2022\/02\/Tessiot-embauche-19-600x417.jpg 600w\" sizes=\"(max-width: 392px) 100vw, 392px\" \/>\t\t<\/a>\r\n\t\t<div class=\"tg-post-categories\"><a href=\"https:\/\/www.tessiot-demenagement.com\/fr\/category\/societe\/\" class=\"tg-post-category\" rel=\"category tag\">Soci\u00e9t\u00e9<\/a>&nbsp;<\/div>\t\t\t\t\t\t\t\t<\/figure>\r\n\t\t\t\t\t\t\t\t\r\n\t\t\t\t\t\t\t\t\t<h3 class=\"tg-module-title entry-title\">\r\n\t\t\t<a href=\"https:\/\/www.tessiot-demenagement.com\/fr\/demenager-dans-lallier\/\">D\u00e9m\u00e9nager dans l&#8217;Allier<\/a>\r\n\t\t<\/h3>\r\n\t\t\r\n\t\t<div class=\"tg-module-meta\">\r\n\t\t\t\r\n\t\t\t<span class=\"tg-post-date entry-date\">\r\n\t\t\t\t<a href=\"https:\/\/www.tessiot-demenagement.com\/fr\/demenager-dans-lallier\/\" rel=\"bookmark\"><time class=\"entry-date published\" datetime=\"2022-02-24T11:21:49+01:00\">24 f\u00e9vrier 2022<\/time><time class=\"updated\" datetime=\"2022-02-24T14:31:19+01:00\">24 f\u00e9vrier 2022<\/time><\/a>\t\t\t<\/span>\r\n\r\n\t\t\t<span class=\"tg-post-auther-name author vcard\">\r\n\t\t\t\t<a class=\"url fn n\" href=\"https:\/\/www.tessiot-demenagement.com\/fr\/author\/stephane\/\">stephane samson<\/a>\t\t\t<\/span>\r\n\r\n\t\t\t\t\t<\/div>\r\n\r\n\t\t\r\n\t\t\t\t\t\t\t<div class=\"tg-expert entry-content\">\r\n\t\t\t\t\t\t\t\t<p>D\u00e9m\u00e9nager dans l&#8217;Allier Dans la r\u00e9gion Auvergne Rh\u00f4ne-Alpes, au nord du Massif Central, le d\u00e9partement de l\u2019Allier compte 336\u00a0000 \u00e2mes.<\/p>\n\t\t\t\t\t\t\t<\/div>\r\n\r\n\t\t\t\t\t\t<\/div>\r\n\t\t\t\t\t<\/div>\r\n\r\n\t\t\t\t\t\r\n\t\t\t\t\t<div class=\"tg-col-control\">\r\n\t\t\t\t\t\t<div class=\"tg_module_block\">\r\n\t\t\t\t\t\t\t\t\t\t\t\t\t\t\t<figure class=\"tg-module-thumb\">\r\n\t\t\t\t\t\t\t\t\t\t\t<a href=\"https:\/\/www.tessiot-demenagement.com\/fr\/lhistoire-de-tessiot-demenagements\/\" class=\"tg-thumb-link\">\r\n\t\t\t<img loading=\"lazy\" decoding=\"async\" width=\"392\" height=\"272\" src=\"https:\/\/www.tessiot-demenagement.com\/fr\/wp-content\/uploads\/2022\/02\/image-ancienne-2-392x272.jpg\" class=\"attachment-colormag-highlighted-post size-colormag-highlighted-post wp-post-image\" alt=\"d\u00e9m\u00e9nager \u00e0 Bourges\" srcset=\"https:\/\/www.tessiot-demenagement.com\/fr\/wp-content\/uploads\/2022\/02\/image-ancienne-2-392x272.jpg 392w, https:\/\/www.tessiot-demenagement.com\/fr\/wp-content\/uploads\/2022\/02\/image-ancienne-2-130x90.jpg 130w, https:\/\/www.tessiot-demenagement.com\/fr\/wp-content\/uploads\/2022\/02\/image-ancienne-2-600x417.jpg 600w\" sizes=\"(max-width: 392px) 100vw, 392px\" \/>\t\t<\/a>\r\n\t\t<div class=\"tg-post-categories\"><a href=\"https:\/\/www.tessiot-demenagement.com\/fr\/category\/actualites-du-groupe-tessiot-demenagements\/\" style=\"background:#1e73be\" class=\"tg-post-category\" rel=\"category tag\">Actualit\u00e9s du Groupe Tessiot<\/a>&nbsp;<\/div>\t\t\t\t\t\t\t\t<\/figure>\r\n\t\t\t\t\t\t\t\t\r\n\t\t\t\t\t\t\t\t\t<h3 class=\"tg-module-title entry-title\">\r\n\t\t\t<a href=\"https:\/\/www.tessiot-demenagement.com\/fr\/lhistoire-de-tessiot-demenagements\/\">L&#8217;histoire de Tessiot D\u00e9m\u00e9nagements.<\/a>\r\n\t\t<\/h3>\r\n\t\t\r\n\t\t<div class=\"tg-module-meta\">\r\n\t\t\t\r\n\t\t\t<span class=\"tg-post-date entry-date\">\r\n\t\t\t\t<a href=\"https:\/\/www.tessiot-demenagement.com\/fr\/lhistoire-de-tessiot-demenagements\/\" rel=\"bookmark\"><time class=\"entry-date published\" datetime=\"2022-02-08T16:05:40+01:00\">8 f\u00e9vrier 2022<\/time><time class=\"updated\" datetime=\"2022-02-09T15:57:26+01:00\">9 f\u00e9vrier 2022<\/time><\/a>\t\t\t<\/span>\r\n\r\n\t\t\t<span class=\"tg-post-auther-name author vcard\">\r\n\t\t\t\t<a class=\"url fn n\" href=\"https:\/\/www.tessiot-demenagement.com\/fr\/author\/stephane\/\">stephane samson<\/a>\t\t\t<\/span>\r\n\r\n\t\t\t\t\t<\/div>\r\n\r\n\t\t\r\n\t\t\t\t\t\t\t<div class=\"tg-expert entry-content\">\r\n\t\t\t\t\t\t\t\t<p>L&#8217;histoire de Tessiot D\u00e9m\u00e9nagements L\u2019histoire de Tessiot D\u00e9m\u00e9nagements \u00e0 Bourges ne date pas d\u2019hier. En effet, l\u2019entreprise fut cr\u00e9\u00e9e en<\/p>\n\t\t\t\t\t\t\t<\/div>\r\n\r\n\t\t\t\t\t\t<\/div>\r\n\t\t\t\t\t<\/div>\r\n\r\n\t\t\t\t\t\r\n\t\t\t\t\t<div class=\"tg-col-control\">\r\n\t\t\t\t\t\t<div class=\"tg_module_block\">\r\n\t\t\t\t\t\t\t<div class=\"tg-post-categories\"><a href=\"https:\/\/www.tessiot-demenagement.com\/fr\/category\/societe\/\" class=\"tg-post-category\" rel=\"category tag\">Soci\u00e9t\u00e9<\/a>&nbsp;<\/div>\r\n\t\t\t\t\t\t\t\t\t<h3 class=\"tg-module-title entry-title\">\r\n\t\t\t<a href=\"https:\/\/www.tessiot-demenagement.com\/fr\/reussir-son-demenagement-dans-le-cher\/\">R\u00e9ussir son d\u00e9m\u00e9nagement dans le Cher<\/a>\r\n\t\t<\/h3>\r\n\t\t\r\n\t\t<div class=\"tg-module-meta\">\r\n\t\t\t\r\n\t\t\t<span class=\"tg-post-date entry-date\">\r\n\t\t\t\t<a href=\"https:\/\/www.tessiot-demenagement.com\/fr\/reussir-son-demenagement-dans-le-cher\/\" rel=\"bookmark\"><time class=\"entry-date published\" datetime=\"2022-01-27T11:47:38+01:00\">27 janvier 2022<\/time><time class=\"updated\" datetime=\"2022-01-27T15:20:22+01:00\">27 janvier 2022<\/time><\/a>\t\t\t<\/span>\r\n\r\n\t\t\t<span class=\"tg-post-auther-name author vcard\">\r\n\t\t\t\t<a class=\"url fn n\" href=\"https:\/\/www.tessiot-demenagement.com\/fr\/author\/stephane\/\">stephane samson<\/a>\t\t\t<\/span>\r\n\r\n\t\t\t\t\t<\/div>\r\n\r\n\t\t\r\n\t\t\t\t\t\t\t<div class=\"tg-expert entry-content\">\r\n\t\t\t\t\t\t\t\t<p>R\u00e9ussir votre d\u00e9m\u00e9nagement dans le Cher Situ\u00e9 dans la R\u00e9gion Centre Val de Loire, le d\u00e9partement du Cher compte plus<\/p>\n\t\t\t\t\t\t\t<\/div>\r\n\r\n\t\t\t\t\t\t<\/div>\r\n\t\t\t\t\t<\/div>\r\n\r\n\t\t\t\t\t\r\n\t\t\t\t\t<div class=\"tg-col-control\">\r\n\t\t\t\t\t\t<div class=\"tg_module_block\">\r\n\t\t\t\t\t\t\t\t\t\t\t\t\t\t\t<figure class=\"tg-module-thumb\">\r\n\t\t\t\t\t\t\t\t\t\t\t<a href=\"https:\/\/www.tessiot-demenagement.com\/fr\/voter-apres-votre-demenagement\/\" class=\"tg-thumb-link\">\r\n\t\t\t<img loading=\"lazy\" decoding=\"async\" width=\"392\" height=\"272\" src=\"https:\/\/www.tessiot-demenagement.com\/fr\/wp-content\/uploads\/2022\/01\/50-21-392x272.jpg\" class=\"attachment-colormag-highlighted-post size-colormag-highlighted-post wp-post-image\" alt=\"changer d&#039;adresse et voter\" srcset=\"https:\/\/www.tessiot-demenagement.com\/fr\/wp-content\/uploads\/2022\/01\/50-21-392x272.jpg 392w, https:\/\/www.tessiot-demenagement.com\/fr\/wp-content\/uploads\/2022\/01\/50-21-130x90.jpg 130w\" sizes=\"(max-width: 392px) 100vw, 392px\" \/>\t\t<\/a>\r\n\t\t<div class=\"tg-post-categories\"><a href=\"https:\/\/www.tessiot-demenagement.com\/fr\/category\/societe\/\" class=\"tg-post-category\" rel=\"category tag\">Soci\u00e9t\u00e9<\/a>&nbsp;<\/div>\t\t\t\t\t\t\t\t<\/figure>\r\n\t\t\t\t\t\t\t\t\r\n\t\t\t\t\t\t\t\t\t<h3 class=\"tg-module-title entry-title\">\r\n\t\t\t<a href=\"https:\/\/www.tessiot-demenagement.com\/fr\/voter-apres-votre-demenagement\/\">Voter apr\u00e8s votre d\u00e9m\u00e9nagement<\/a>\r\n\t\t<\/h3>\r\n\t\t\r\n\t\t<div class=\"tg-module-meta\">\r\n\t\t\t\r\n\t\t\t<span class=\"tg-post-date entry-date\">\r\n\t\t\t\t<a href=\"https:\/\/www.tessiot-demenagement.com\/fr\/voter-apres-votre-demenagement\/\" rel=\"bookmark\"><time class=\"entry-date published\" datetime=\"2022-01-19T15:11:19+01:00\">19 janvier 2022<\/time><time class=\"updated\" datetime=\"2022-01-20T11:14:46+01:00\">20 janvier 2022<\/time><\/a>\t\t\t<\/span>\r\n\r\n\t\t\t<span class=\"tg-post-auther-name author vcard\">\r\n\t\t\t\t<a class=\"url fn n\" href=\"https:\/\/www.tessiot-demenagement.com\/fr\/author\/stephane\/\">stephane samson<\/a>\t\t\t<\/span>\r\n\r\n\t\t\t\t\t<\/div>\r\n\r\n\t\t\r\n\t\t\t\t\t\t\t<div class=\"tg-expert entry-content\">\r\n\t\t\t\t\t\t\t\t<p>Voter apr\u00e8s votre d\u00e9m\u00e9nagement Les \u00e9lections pr\u00e9sidentielles approchent. Ainsi le scrutin se d\u00e9roulera les 10 et 24 avril prochains. Puis<\/p>\n\t\t\t\t\t\t\t<\/div>\r\n\r\n\t\t\t\t\t\t<\/div>\r\n\t\t\t\t\t<\/div>\r\n\r\n\t\t\t\t\t\r\n\t\t\t\t\t<div class=\"tg-col-control\">\r\n\t\t\t\t\t\t<div class=\"tg_module_block\">\r\n\t\t\t\t\t\t\t\t\t\t\t\t\t\t\t<figure class=\"tg-module-thumb\">\r\n\t\t\t\t\t\t\t\t\t\t\t<a href=\"https:\/\/www.tessiot-demenagement.com\/fr\/quel-carton-pour-mon-demenagement\/\" class=\"tg-thumb-link\">\r\n\t\t\t<img loading=\"lazy\" decoding=\"async\" width=\"392\" height=\"272\" src=\"https:\/\/www.tessiot-demenagement.com\/fr\/wp-content\/uploads\/2021\/12\/50-13-392x272.png\" class=\"attachment-colormag-highlighted-post size-colormag-highlighted-post wp-post-image\" alt=\"Acheter des cartons de d\u00e9m\u00e9nagement\" srcset=\"https:\/\/www.tessiot-demenagement.com\/fr\/wp-content\/uploads\/2021\/12\/50-13-392x272.png 392w, https:\/\/www.tessiot-demenagement.com\/fr\/wp-content\/uploads\/2021\/12\/50-13-130x90.png 130w\" sizes=\"(max-width: 392px) 100vw, 392px\" \/>\t\t<\/a>\r\n\t\t<div class=\"tg-post-categories\"><a href=\"https:\/\/www.tessiot-demenagement.com\/fr\/category\/nos-services\/\" style=\"background:#81d742\" class=\"tg-post-category\" rel=\"category tag\">Nos services<\/a>&nbsp;<\/div>\t\t\t\t\t\t\t\t<\/figure>\r\n\t\t\t\t\t\t\t\t\r\n\t\t\t\t\t\t\t\t\t<h3 class=\"tg-module-title entry-title\">\r\n\t\t\t<a href=\"https:\/\/www.tessiot-demenagement.com\/fr\/quel-carton-pour-mon-demenagement\/\">Quel carton pour mon d\u00e9m\u00e9nagement ?<\/a>\r\n\t\t<\/h3>\r\n\t\t\r\n\t\t<div class=\"tg-module-meta\">\r\n\t\t\t\r\n\t\t\t<span class=\"tg-post-date entry-date\">\r\n\t\t\t\t<a href=\"https:\/\/www.tessiot-demenagement.com\/fr\/quel-carton-pour-mon-demenagement\/\" rel=\"bookmark\"><time class=\"entry-date published\" datetime=\"2021-12-14T15:56:29+01:00\">14 d\u00e9cembre 2021<\/time><time class=\"updated\" datetime=\"2021-12-14T16:25:53+01:00\">14 d\u00e9cembre 2021<\/time><\/a>\t\t\t<\/span>\r\n\r\n\t\t\t<span class=\"tg-post-auther-name author vcard\">\r\n\t\t\t\t<a class=\"url fn n\" href=\"https:\/\/www.tessiot-demenagement.com\/fr\/author\/stephane\/\">stephane samson<\/a>\t\t\t<\/span>\r\n\r\n\t\t\t\t\t<\/div>\r\n\r\n\t\t\r\n\t\t\t\t\t\t\t<div class=\"tg-expert entry-content\">\r\n\t\t\t\t\t\t\t\t<p>Quel carton pour votre d\u00e9m\u00e9nagement ? Que vous d\u00e9m\u00e9nagiez avec des amis ou que vous fassiez appel \u00e0 des d\u00e9m\u00e9nageurs<\/p>\n\t\t\t\t\t\t\t<\/div>\r\n\r\n\t\t\t\t\t\t<\/div>\r\n\t\t\t\t\t<\/div>\r\n\r\n\t\t\t\t\t\r\n\t\t\t\t\t<div class=\"tg-col-control\">\r\n\t\t\t\t\t\t<div class=\"tg_module_block\">\r\n\t\t\t\t\t\t\t\t\t\t\t\t\t\t\t<figure class=\"tg-module-thumb\">\r\n\t\t\t\t\t\t\t\t\t\t\t<a href=\"https:\/\/www.tessiot-demenagement.com\/fr\/demenagement-votre-region-est-elle-attractive\/\" class=\"tg-thumb-link\">\r\n\t\t\t<img loading=\"lazy\" decoding=\"async\" width=\"392\" height=\"272\" src=\"https:\/\/www.tessiot-demenagement.com\/fr\/wp-content\/uploads\/2021\/09\/Bienvenue-a-JULIA-2-392x272.png\" class=\"attachment-colormag-highlighted-post size-colormag-highlighted-post wp-post-image\" alt=\"dans quelle region d\u00e9m\u00e9nager ?\" srcset=\"https:\/\/www.tessiot-demenagement.com\/fr\/wp-content\/uploads\/2021\/09\/Bienvenue-a-JULIA-2-392x272.png 392w, https:\/\/www.tessiot-demenagement.com\/fr\/wp-content\/uploads\/2021\/09\/Bienvenue-a-JULIA-2-130x90.png 130w, https:\/\/www.tessiot-demenagement.com\/fr\/wp-content\/uploads\/2021\/09\/Bienvenue-a-JULIA-2-600x417.png 600w\" sizes=\"(max-width: 392px) 100vw, 392px\" \/>\t\t<\/a>\r\n\t\t<div class=\"tg-post-categories\"><a href=\"https:\/\/www.tessiot-demenagement.com\/fr\/category\/societe\/\" class=\"tg-post-category\" rel=\"category tag\">Soci\u00e9t\u00e9<\/a>&nbsp;<\/div>\t\t\t\t\t\t\t\t<\/figure>\r\n\t\t\t\t\t\t\t\t\r\n\t\t\t\t\t\t\t\t\t<h3 class=\"tg-module-title entry-title\">\r\n\t\t\t<a href=\"https:\/\/www.tessiot-demenagement.com\/fr\/demenagement-votre-region-est-elle-attractive\/\">D\u00e9m\u00e9nagement : votre r\u00e9gion est-elle attractive ?<\/a>\r\n\t\t<\/h3>\r\n\t\t\r\n\t\t<div class=\"tg-module-meta\">\r\n\t\t\t\r\n\t\t\t<span class=\"tg-post-date entry-date\">\r\n\t\t\t\t<a href=\"https:\/\/www.tessiot-demenagement.com\/fr\/demenagement-votre-region-est-elle-attractive\/\" rel=\"bookmark\"><time class=\"entry-date published\" datetime=\"2021-09-22T14:48:16+02:00\">22 septembre 2021<\/time><time class=\"updated\" datetime=\"2021-09-22T15:10:29+02:00\">22 septembre 2021<\/time><\/a>\t\t\t<\/span>\r\n\r\n\t\t\t<span class=\"tg-post-auther-name author vcard\">\r\n\t\t\t\t<a class=\"url fn n\" href=\"https:\/\/www.tessiot-demenagement.com\/fr\/author\/stephane\/\">stephane samson<\/a>\t\t\t<\/span>\r\n\r\n\t\t\t\t\t<\/div>\r\n\r\n\t\t\r\n\t\t\t\t\t\t\t<div class=\"tg-expert entry-content\">\r\n\t\t\t\t\t\t\t\t<p>D\u00e9m\u00e9nagement : votre r\u00e9gion est-elle attractive ? Le secteur du d\u00e9m\u00e9nagement se porte tr\u00e8s bien. En effet, suite \u00e0 la<\/p>\n\t\t\t\t\t\t\t<\/div>\r\n\r\n\t\t\t\t\t\t<\/div>\r\n\t\t\t\t\t<\/div>\r\n\r\n\t\t\t\t\t\r\n\t\t\t\t\t<div class=\"tg-col-control\">\r\n\t\t\t\t\t\t<div class=\"tg_module_block\">\r\n\t\t\t\t\t\t\t\t\t\t\t\t\t\t\t<figure class=\"tg-module-thumb\">\r\n\t\t\t\t\t\t\t\t\t\t\t<a href=\"https:\/\/www.tessiot-demenagement.com\/fr\/le-transfert-administratif\/\" class=\"tg-thumb-link\">\r\n\t\t\t<img loading=\"lazy\" decoding=\"async\" width=\"392\" height=\"272\" src=\"https:\/\/www.tessiot-demenagement.com\/fr\/wp-content\/uploads\/2021\/08\/Devis-et-visite-gratuits-74-392x272.png\" class=\"attachment-colormag-highlighted-post size-colormag-highlighted-post wp-post-image\" alt=\"Tessiot D\u00e9m\u00e9nagements\" srcset=\"https:\/\/www.tessiot-demenagement.com\/fr\/wp-content\/uploads\/2021\/08\/Devis-et-visite-gratuits-74-392x272.png 392w, https:\/\/www.tessiot-demenagement.com\/fr\/wp-content\/uploads\/2021\/08\/Devis-et-visite-gratuits-74-130x90.png 130w, https:\/\/www.tessiot-demenagement.com\/fr\/wp-content\/uploads\/2021\/08\/Devis-et-visite-gratuits-74-600x417.png 600w\" sizes=\"(max-width: 392px) 100vw, 392px\" \/>\t\t<\/a>\r\n\t\t<div class=\"tg-post-categories\"><a href=\"https:\/\/www.tessiot-demenagement.com\/fr\/category\/nos-services\/\" style=\"background:#81d742\" class=\"tg-post-category\" rel=\"category tag\">Nos services<\/a>&nbsp;<\/div>\t\t\t\t\t\t\t\t<\/figure>\r\n\t\t\t\t\t\t\t\t\r\n\t\t\t\t\t\t\t\t\t<h3 class=\"tg-module-title entry-title\">\r\n\t\t\t<a href=\"https:\/\/www.tessiot-demenagement.com\/fr\/le-transfert-administratif\/\">Le transfert administratif<\/a>\r\n\t\t<\/h3>\r\n\t\t\r\n\t\t<div class=\"tg-module-meta\">\r\n\t\t\t\r\n\t\t\t<span class=\"tg-post-date entry-date\">\r\n\t\t\t\t<a href=\"https:\/\/www.tessiot-demenagement.com\/fr\/le-transfert-administratif\/\" rel=\"bookmark\"><time class=\"entry-date published\" datetime=\"2021-08-25T17:59:24+02:00\">25 ao\u00fbt 2021<\/time><time class=\"updated\" datetime=\"2021-08-26T11:21:58+02:00\">26 ao\u00fbt 2021<\/time><\/a>\t\t\t<\/span>\r\n\r\n\t\t\t<span class=\"tg-post-auther-name author vcard\">\r\n\t\t\t\t<a class=\"url fn n\" href=\"https:\/\/www.tessiot-demenagement.com\/fr\/author\/stephane\/\">stephane samson<\/a>\t\t\t<\/span>\r\n\r\n\t\t\t\t\t<\/div>\r\n\r\n\t\t\r\n\t\t\t\t\t\t\t<div class=\"tg-expert entry-content\">\r\n\t\t\t\t\t\t\t\t<p>Le transfert administratif Au cours de son existence, une entreprise peut \u00eatre amen\u00e9e \u00e0 faire un transfert administratif partiel ou<\/p>\n\t\t\t\t\t\t\t<\/div>\r\n\r\n\t\t\t\t\t\t<\/div>\r\n\t\t\t\t\t<\/div>\r\n\r\n\t\t\t\t\t\r\n\t\t\t\t\t<div class=\"tg-col-control\">\r\n\t\t\t\t\t\t<div class=\"tg_module_block\">\r\n\t\t\t\t\t\t\t\t\t\t\t\t\t\t\t<figure class=\"tg-module-thumb\">\r\n\t\t\t\t\t\t\t\t\t\t\t<a href=\"https:\/\/www.tessiot-demenagement.com\/fr\/le-demenagement-a-la-belle-epoque\/\" class=\"tg-thumb-link\">\r\n\t\t\t<img loading=\"lazy\" decoding=\"async\" width=\"392\" height=\"272\" src=\"https:\/\/www.tessiot-demenagement.com\/fr\/wp-content\/uploads\/2021\/08\/Devis-et-visite-gratuits-69-392x272.png\" class=\"attachment-colormag-highlighted-post size-colormag-highlighted-post wp-post-image\" alt=\"d\u00e9m\u00e9nageur professionnel\" srcset=\"https:\/\/www.tessiot-demenagement.com\/fr\/wp-content\/uploads\/2021\/08\/Devis-et-visite-gratuits-69-392x272.png 392w, https:\/\/www.tessiot-demenagement.com\/fr\/wp-content\/uploads\/2021\/08\/Devis-et-visite-gratuits-69-130x90.png 130w, https:\/\/www.tessiot-demenagement.com\/fr\/wp-content\/uploads\/2021\/08\/Devis-et-visite-gratuits-69-600x417.png 600w\" sizes=\"(max-width: 392px) 100vw, 392px\" \/>\t\t<\/a>\r\n\t\t<div class=\"tg-post-categories\"><a href=\"https:\/\/www.tessiot-demenagement.com\/fr\/category\/societe\/\" class=\"tg-post-category\" rel=\"category tag\">Soci\u00e9t\u00e9<\/a>&nbsp;<\/div>\t\t\t\t\t\t\t\t<\/figure>\r\n\t\t\t\t\t\t\t\t\r\n\t\t\t\t\t\t\t\t\t<h3 class=\"tg-module-title entry-title\">\r\n\t\t\t<a href=\"https:\/\/www.tessiot-demenagement.com\/fr\/le-demenagement-a-la-belle-epoque\/\">Le d\u00e9m\u00e9nagement \u00e0 la Belle Epoque<\/a>\r\n\t\t<\/h3>\r\n\t\t\r\n\t\t<div class=\"tg-module-meta\">\r\n\t\t\t\r\n\t\t\t<span class=\"tg-post-date entry-date\">\r\n\t\t\t\t<a href=\"https:\/\/www.tessiot-demenagement.com\/fr\/le-demenagement-a-la-belle-epoque\/\" rel=\"bookmark\"><time class=\"entry-date published\" datetime=\"2021-08-12T15:56:33+02:00\">12 ao\u00fbt 2021<\/time><time class=\"updated\" datetime=\"2021-08-12T17:07:42+02:00\">12 ao\u00fbt 2021<\/time><\/a>\t\t\t<\/span>\r\n\r\n\t\t\t<span class=\"tg-post-auther-name author vcard\">\r\n\t\t\t\t<a class=\"url fn n\" href=\"https:\/\/www.tessiot-demenagement.com\/fr\/author\/stephane\/\">stephane samson<\/a>\t\t\t<\/span>\r\n\r\n\t\t\t\t\t<\/div>\r\n\r\n\t\t\r\n\t\t\t\t\t\t\t<div class=\"tg-expert entry-content\">\r\n\t\t\t\t\t\t\t\t<p>Le d\u00e9m\u00e9nagement \u00e0 la Belle Epoque Cr\u00e9\u00e9 en 1868 \u00e0 Bourges, Tessiot D\u00e9m\u00e9nagements assure aujourd\u2019hui les changements d\u2019adresses aux moyens<\/p>\n\t\t\t\t\t\t\t<\/div>\r\n\r\n\t\t\t\t\t\t<\/div>\r\n\t\t\t\t\t<\/div>\r\n\r\n\t\t\t\t\t\r\n\t\t\t\t\t<div class=\"tg-col-control\">\r\n\t\t\t\t\t\t<div class=\"tg_module_block\">\r\n\t\t\t\t\t\t\t\t\t\t\t\t\t\t\t<figure class=\"tg-module-thumb\">\r\n\t\t\t\t\t\t\t\t\t\t\t<a href=\"https:\/\/www.tessiot-demenagement.com\/fr\/le-demenagement-ne-connait-pas-la-crise\/\" class=\"tg-thumb-link\">\r\n\t\t\t<img loading=\"lazy\" decoding=\"async\" width=\"392\" height=\"272\" src=\"https:\/\/www.tessiot-demenagement.com\/fr\/wp-content\/uploads\/2021\/08\/Pendant-le-3eme-Confinement-les-demenagements-continuent-21-392x272.png\" class=\"attachment-colormag-highlighted-post size-colormag-highlighted-post wp-post-image\" alt=\"demandes de d\u00e9m\u00e9nagements\" srcset=\"https:\/\/www.tessiot-demenagement.com\/fr\/wp-content\/uploads\/2021\/08\/Pendant-le-3eme-Confinement-les-demenagements-continuent-21-392x272.png 392w, https:\/\/www.tessiot-demenagement.com\/fr\/wp-content\/uploads\/2021\/08\/Pendant-le-3eme-Confinement-les-demenagements-continuent-21-130x90.png 130w\" sizes=\"(max-width: 392px) 100vw, 392px\" \/>\t\t<\/a>\r\n\t\t<div class=\"tg-post-categories\"><a href=\"https:\/\/www.tessiot-demenagement.com\/fr\/category\/societe\/\" class=\"tg-post-category\" rel=\"category tag\">Soci\u00e9t\u00e9<\/a>&nbsp;<\/div>\t\t\t\t\t\t\t\t<\/figure>\r\n\t\t\t\t\t\t\t\t\r\n\t\t\t\t\t\t\t\t\t<h3 class=\"tg-module-title entry-title\">\r\n\t\t\t<a href=\"https:\/\/www.tessiot-demenagement.com\/fr\/le-demenagement-ne-connait-pas-la-crise\/\">Le d\u00e9m\u00e9nagement ne connait pas la crise<\/a>\r\n\t\t<\/h3>\r\n\t\t\r\n\t\t<div class=\"tg-module-meta\">\r\n\t\t\t\r\n\t\t\t<span class=\"tg-post-date entry-date\">\r\n\t\t\t\t<a href=\"https:\/\/www.tessiot-demenagement.com\/fr\/le-demenagement-ne-connait-pas-la-crise\/\" rel=\"bookmark\"><time class=\"entry-date published\" datetime=\"2021-08-04T11:51:08+02:00\">4 ao\u00fbt 2021<\/time><time class=\"updated\" datetime=\"2021-08-20T08:52:34+02:00\">20 ao\u00fbt 2021<\/time><\/a>\t\t\t<\/span>\r\n\r\n\t\t\t<span class=\"tg-post-auther-name author vcard\">\r\n\t\t\t\t<a class=\"url fn n\" href=\"https:\/\/www.tessiot-demenagement.com\/fr\/author\/stephane\/\">stephane samson<\/a>\t\t\t<\/span>\r\n\r\n\t\t\t\t\t<\/div>\r\n\r\n\t\t\r\n\t\t\t\t\t\t\t<div class=\"tg-expert entry-content\">\r\n\t\t\t\t\t\t\t\t<p>Le d\u00e9m\u00e9nagement ne connait pas la crise En ces temps de Covid-19, le d\u00e9m\u00e9nagement ne connait pas la crise. Face<\/p>\n\t\t\t\t\t\t\t<\/div>\r\n\r\n\t\t\t\t\t\t<\/div>\r\n\t\t\t\t\t<\/div>\r\n\r\n\t\t\t\t\t\r\n\t\t\t\t\t<div class=\"tg-col-control\">\r\n\t\t\t\t\t\t<div class=\"tg_module_block\">\r\n\t\t\t\t\t\t\t\t\t\t\t\t\t\t\t<figure class=\"tg-module-thumb\">\r\n\t\t\t\t\t\t\t\t\t\t\t<a href=\"https:\/\/www.tessiot-demenagement.com\/fr\/lempotage-dun-conteneur\/\" class=\"tg-thumb-link\">\r\n\t\t\t<img loading=\"lazy\" decoding=\"async\" width=\"392\" height=\"272\" src=\"https:\/\/www.tessiot-demenagement.com\/fr\/wp-content\/uploads\/2021\/07\/Pendant-le-3eme-Confinement-les-demenagements-continuent-14-392x272.png\" class=\"attachment-colormag-highlighted-post size-colormag-highlighted-post wp-post-image\" alt=\"d\u00e9m\u00e9nagement international\" srcset=\"https:\/\/www.tessiot-demenagement.com\/fr\/wp-content\/uploads\/2021\/07\/Pendant-le-3eme-Confinement-les-demenagements-continuent-14-392x272.png 392w, https:\/\/www.tessiot-demenagement.com\/fr\/wp-content\/uploads\/2021\/07\/Pendant-le-3eme-Confinement-les-demenagements-continuent-14-130x90.png 130w\" sizes=\"(max-width: 392px) 100vw, 392px\" \/>\t\t<\/a>\r\n\t\t<div class=\"tg-post-categories\"><a href=\"https:\/\/www.tessiot-demenagement.com\/fr\/category\/nos-services\/\" style=\"background:#81d742\" class=\"tg-post-category\" rel=\"category tag\">Nos services<\/a>&nbsp;<\/div>\t\t\t\t\t\t\t\t<\/figure>\r\n\t\t\t\t\t\t\t\t\r\n\t\t\t\t\t\t\t\t\t<h3 class=\"tg-module-title entry-title\">\r\n\t\t\t<a href=\"https:\/\/www.tessiot-demenagement.com\/fr\/lempotage-dun-conteneur\/\">L&#8217;empotage d&#8217;un conteneur<\/a>\r\n\t\t<\/h3>\r\n\t\t\r\n\t\t<div class=\"tg-module-meta\">\r\n\t\t\t\r\n\t\t\t<span class=\"tg-post-date entry-date\">\r\n\t\t\t\t<a href=\"https:\/\/www.tessiot-demenagement.com\/fr\/lempotage-dun-conteneur\/\" rel=\"bookmark\"><time class=\"entry-date published\" datetime=\"2021-07-07T17:16:25+02:00\">7 juillet 2021<\/time><time class=\"updated\" datetime=\"2021-07-08T11:05:57+02:00\">8 juillet 2021<\/time><\/a>\t\t\t<\/span>\r\n\r\n\t\t\t<span class=\"tg-post-auther-name author vcard\">\r\n\t\t\t\t<a class=\"url fn n\" href=\"https:\/\/www.tessiot-demenagement.com\/fr\/author\/stephane\/\">stephane samson<\/a>\t\t\t<\/span>\r\n\r\n\t\t\t\t\t<\/div>\r\n\r\n\t\t\r\n\t\t\t\t\t\t\t<div class=\"tg-expert entry-content\">\r\n\t\t\t\t\t\t\t\t<p>L&#8217;empotage d&#8217;un conteneur Comment se passe l\u2019empotage d\u2019un conteneur\u00a0?\u00a0 Vous devez d\u00e9m\u00e9nager dans les DOM TOM ou \u00e0 l\u2019\u00e9tranger ?<\/p>\n\t\t\t\t\t\t\t<\/div>\r\n\r\n\t\t\t\t\t\t<\/div>\r\n\t\t\t\t\t<\/div>\r\n\r\n\t\t\t\t\t\r\n\t\t\t\t\t<div class=\"tg-col-control\">\r\n\t\t\t\t\t\t<div class=\"tg_module_block\">\r\n\t\t\t\t\t\t\t\t\t\t\t\t\t\t\t<figure class=\"tg-module-thumb\">\r\n\t\t\t\t\t\t\t\t\t\t\t<a href=\"https:\/\/www.tessiot-demenagement.com\/fr\/quest-ce-que-le-cubage\/\" class=\"tg-thumb-link\">\r\n\t\t\t<img loading=\"lazy\" decoding=\"async\" width=\"392\" height=\"272\" src=\"https:\/\/www.tessiot-demenagement.com\/fr\/wp-content\/uploads\/2021\/06\/Devis-et-visite-gratuits-46-392x272.png\" class=\"attachment-colormag-highlighted-post size-colormag-highlighted-post wp-post-image\" alt=\"estimer un volume pour d\u00e9m\u00e9nager\" srcset=\"https:\/\/www.tessiot-demenagement.com\/fr\/wp-content\/uploads\/2021\/06\/Devis-et-visite-gratuits-46-392x272.png 392w, https:\/\/www.tessiot-demenagement.com\/fr\/wp-content\/uploads\/2021\/06\/Devis-et-visite-gratuits-46-130x90.png 130w, https:\/\/www.tessiot-demenagement.com\/fr\/wp-content\/uploads\/2021\/06\/Devis-et-visite-gratuits-46-600x417.png 600w\" sizes=\"(max-width: 392px) 100vw, 392px\" \/>\t\t<\/a>\r\n\t\t<div class=\"tg-post-categories\"><a href=\"https:\/\/www.tessiot-demenagement.com\/fr\/category\/nos-services\/\" style=\"background:#81d742\" class=\"tg-post-category\" rel=\"category tag\">Nos services<\/a>&nbsp;<\/div>\t\t\t\t\t\t\t\t<\/figure>\r\n\t\t\t\t\t\t\t\t\r\n\t\t\t\t\t\t\t\t\t<h3 class=\"tg-module-title entry-title\">\r\n\t\t\t<a href=\"https:\/\/www.tessiot-demenagement.com\/fr\/quest-ce-que-le-cubage\/\">Qu&#8217;est-ce que le cubage ?<\/a>\r\n\t\t<\/h3>\r\n\t\t\r\n\t\t<div class=\"tg-module-meta\">\r\n\t\t\t\r\n\t\t\t<span class=\"tg-post-date entry-date\">\r\n\t\t\t\t<a href=\"https:\/\/www.tessiot-demenagement.com\/fr\/quest-ce-que-le-cubage\/\" rel=\"bookmark\"><time class=\"entry-date published\" datetime=\"2021-06-23T11:53:40+02:00\">23 juin 2021<\/time><time class=\"updated\" datetime=\"2021-06-23T17:57:51+02:00\">23 juin 2021<\/time><\/a>\t\t\t<\/span>\r\n\r\n\t\t\t<span class=\"tg-post-auther-name author vcard\">\r\n\t\t\t\t<a class=\"url fn n\" href=\"https:\/\/www.tessiot-demenagement.com\/fr\/author\/stephane\/\">stephane samson<\/a>\t\t\t<\/span>\r\n\r\n\t\t\t\t\t<\/div>\r\n\r\n\t\t\r\n\t\t\t\t\t\t\t<div class=\"tg-expert entry-content\">\r\n\t\t\t\t\t\t\t\t<p>Qu&#8217;est-ce que le Cubage ? C\u2019est une question essentielle pour un d\u00e9m\u00e9nageur. Le cubage \u00a0est une information primordiale pour \u00e9tablir<\/p>\n\t\t\t\t\t\t\t<\/div>\r\n\r\n\t\t\t\t\t\t<\/div>\r\n\t\t\t\t\t<\/div>\r\n\r\n\t\t\t\t\t\r\n\t\t\t\t\t<div class=\"tg-col-control\">\r\n\t\t\t\t\t\t<div class=\"tg_module_block\">\r\n\t\t\t\t\t\t\t\t\t\t\t\t\t\t\t<figure class=\"tg-module-thumb\">\r\n\t\t\t\t\t\t\t\t\t\t\t<a href=\"https:\/\/www.tessiot-demenagement.com\/fr\/demenager-en-ete\/\" class=\"tg-thumb-link\">\r\n\t\t\t<img loading=\"lazy\" decoding=\"async\" width=\"392\" height=\"272\" src=\"https:\/\/www.tessiot-demenagement.com\/fr\/wp-content\/uploads\/2021\/06\/Nouvel-avis-2-392x272.png\" class=\"attachment-colormag-highlighted-post size-colormag-highlighted-post wp-post-image\" alt=\"D\u00e9m\u00e9nager en juillet aout\" srcset=\"https:\/\/www.tessiot-demenagement.com\/fr\/wp-content\/uploads\/2021\/06\/Nouvel-avis-2-392x272.png 392w, https:\/\/www.tessiot-demenagement.com\/fr\/wp-content\/uploads\/2021\/06\/Nouvel-avis-2-130x90.png 130w\" sizes=\"(max-width: 392px) 100vw, 392px\" \/>\t\t<\/a>\r\n\t\t<div class=\"tg-post-categories\"><a href=\"https:\/\/www.tessiot-demenagement.com\/fr\/category\/societe\/\" class=\"tg-post-category\" rel=\"category tag\">Soci\u00e9t\u00e9<\/a>&nbsp;<\/div>\t\t\t\t\t\t\t\t<\/figure>\r\n\t\t\t\t\t\t\t\t\r\n\t\t\t\t\t\t\t\t\t<h3 class=\"tg-module-title entry-title\">\r\n\t\t\t<a href=\"https:\/\/www.tessiot-demenagement.com\/fr\/demenager-en-ete\/\">D\u00e9m\u00e9nager en \u00e9t\u00e9<\/a>\r\n\t\t<\/h3>\r\n\t\t\r\n\t\t<div class=\"tg-module-meta\">\r\n\t\t\t\r\n\t\t\t<span class=\"tg-post-date entry-date\">\r\n\t\t\t\t<a href=\"https:\/\/www.tessiot-demenagement.com\/fr\/demenager-en-ete\/\" rel=\"bookmark\"><time class=\"entry-date published\" datetime=\"2021-06-17T16:34:50+02:00\">17 juin 2021<\/time><time class=\"updated\" datetime=\"2021-06-17T17:13:31+02:00\">17 juin 2021<\/time><\/a>\t\t\t<\/span>\r\n\r\n\t\t\t<span class=\"tg-post-auther-name author vcard\">\r\n\t\t\t\t<a class=\"url fn n\" href=\"https:\/\/www.tessiot-demenagement.com\/fr\/author\/stephane\/\">stephane samson<\/a>\t\t\t<\/span>\r\n\r\n\t\t\t\t\t<\/div>\r\n\r\n\t\t\r\n\t\t\t\t\t\t\t<div class=\"tg-expert entry-content\">\r\n\t\t\t\t\t\t\t\t<p>D\u00e9m\u00e9nager en \u00e9t\u00e9 D\u00e9m\u00e9nager en \u00e9t\u00e9 demande de l\u2019anticipation et de l\u2019organisation. Car la p\u00e9riode de juin \u00e0 ao\u00fbt constitue<\/p>\n\t\t\t\t\t\t\t<\/div>\r\n\r\n\t\t\t\t\t\t<\/div>\r\n\t\t\t\t\t<\/div>\r\n\r\n\t\t\t\t\t\r\n\t\t\t\t\t<div class=\"tg-col-control\">\r\n\t\t\t\t\t\t<div class=\"tg_module_block\">\r\n\t\t\t\t\t\t\t\t\t\t\t\t\t\t\t<figure class=\"tg-module-thumb\">\r\n\t\t\t\t\t\t\t\t\t\t\t<a href=\"https:\/\/www.tessiot-demenagement.com\/fr\/demenager-dans-lindre\/\" class=\"tg-thumb-link\">\r\n\t\t\t<img loading=\"lazy\" decoding=\"async\" width=\"392\" height=\"272\" src=\"https:\/\/www.tessiot-demenagement.com\/fr\/wp-content\/uploads\/2020\/11\/IMG_20201123_155345-392x272.jpg\" class=\"attachment-colormag-highlighted-post size-colormag-highlighted-post wp-post-image\" alt=\"d\u00e9m\u00e9nager \u00e0 Ch\u00e2teauroux\" srcset=\"https:\/\/www.tessiot-demenagement.com\/fr\/wp-content\/uploads\/2020\/11\/IMG_20201123_155345-392x272.jpg 392w, https:\/\/www.tessiot-demenagement.com\/fr\/wp-content\/uploads\/2020\/11\/IMG_20201123_155345-130x90.jpg 130w, https:\/\/www.tessiot-demenagement.com\/fr\/wp-content\/uploads\/2020\/11\/IMG_20201123_155345-600x417.jpg 600w\" sizes=\"(max-width: 392px) 100vw, 392px\" \/>\t\t<\/a>\r\n\t\t<div class=\"tg-post-categories\"><a href=\"https:\/\/www.tessiot-demenagement.com\/fr\/category\/actualites-du-groupe-tessiot-demenagements\/\" style=\"background:#1e73be\" class=\"tg-post-category\" rel=\"category tag\">Actualit\u00e9s du Groupe Tessiot<\/a>&nbsp;<\/div>\t\t\t\t\t\t\t\t<\/figure>\r\n\t\t\t\t\t\t\t\t\r\n\t\t\t\t\t\t\t\t\t<h3 class=\"tg-module-title entry-title\">\r\n\t\t\t<a href=\"https:\/\/www.tessiot-demenagement.com\/fr\/demenager-dans-lindre\/\">D\u00e9m\u00e9nager dans l&#8217;Indre<\/a>\r\n\t\t<\/h3>\r\n\t\t\r\n\t\t<div class=\"tg-module-meta\">\r\n\t\t\t\r\n\t\t\t<span class=\"tg-post-date entry-date\">\r\n\t\t\t\t<a href=\"https:\/\/www.tessiot-demenagement.com\/fr\/demenager-dans-lindre\/\" rel=\"bookmark\"><time class=\"entry-date published\" datetime=\"2021-06-01T16:15:00+02:00\">1 juin 2021<\/time><time class=\"updated\" datetime=\"2021-11-08T09:57:27+01:00\">8 novembre 2021<\/time><\/a>\t\t\t<\/span>\r\n\r\n\t\t\t<span class=\"tg-post-auther-name author vcard\">\r\n\t\t\t\t<a class=\"url fn n\" href=\"https:\/\/www.tessiot-demenagement.com\/fr\/author\/stephane\/\">stephane samson<\/a>\t\t\t<\/span>\r\n\r\n\t\t\t\t\t<\/div>\r\n\r\n\t\t\r\n\t\t\t\t\t\t\t<div class=\"tg-expert entry-content\">\r\n\t\t\t\t\t\t\t\t<p>D\u00e9m\u00e9nager dans l&#8217;Indre Avec la pand\u00e9mie de la Covid-19, d\u00e9m\u00e9nager dans l\u2019Indre peut \u00eatre un projet concret pour nombre de<\/p>\n\t\t\t\t\t\t\t<\/div>\r\n\r\n\t\t\t\t\t\t<\/div>\r\n\t\t\t\t\t<\/div>\r\n\r\n\t\t\t\t\t\r\n\t\t\t\t\t<div class=\"tg-col-control\">\r\n\t\t\t\t\t\t<div class=\"tg_module_block\">\r\n\t\t\t\t\t\t\t\t\t\t\t\t\t\t\t<figure class=\"tg-module-thumb\">\r\n\t\t\t\t\t\t\t\t\t\t\t<a href=\"https:\/\/www.tessiot-demenagement.com\/fr\/demenagement-avec-des-amis-votre-responsabilite-est-engagee\/\" class=\"tg-thumb-link\">\r\n\t\t\t<img loading=\"lazy\" decoding=\"async\" width=\"392\" height=\"272\" src=\"https:\/\/www.tessiot-demenagement.com\/fr\/wp-content\/uploads\/2021\/05\/Pendant-le-3eme-Confinement-les-demenagements-continuent-11-392x272.png\" class=\"attachment-colormag-highlighted-post size-colormag-highlighted-post wp-post-image\" alt=\"responsazbilit\u00e9 engag\u00e9e pour un d\u00e9m\u00e9nagement\" srcset=\"https:\/\/www.tessiot-demenagement.com\/fr\/wp-content\/uploads\/2021\/05\/Pendant-le-3eme-Confinement-les-demenagements-continuent-11-392x272.png 392w, https:\/\/www.tessiot-demenagement.com\/fr\/wp-content\/uploads\/2021\/05\/Pendant-le-3eme-Confinement-les-demenagements-continuent-11-130x90.png 130w\" sizes=\"(max-width: 392px) 100vw, 392px\" \/>\t\t<\/a>\r\n\t\t<div class=\"tg-post-categories\"><a href=\"https:\/\/www.tessiot-demenagement.com\/fr\/category\/societe\/\" class=\"tg-post-category\" rel=\"category tag\">Soci\u00e9t\u00e9<\/a>&nbsp;<\/div>\t\t\t\t\t\t\t\t<\/figure>\r\n\t\t\t\t\t\t\t\t\r\n\t\t\t\t\t\t\t\t\t<h3 class=\"tg-module-title entry-title\">\r\n\t\t\t<a href=\"https:\/\/www.tessiot-demenagement.com\/fr\/demenagement-avec-des-amis-votre-responsabilite-est-engagee\/\">D\u00e9m\u00e9nagement avec des amis : votre responsabilit\u00e9 est engag\u00e9e<\/a>\r\n\t\t<\/h3>\r\n\t\t\r\n\t\t<div class=\"tg-module-meta\">\r\n\t\t\t\r\n\t\t\t<span class=\"tg-post-date entry-date\">\r\n\t\t\t\t<a href=\"https:\/\/www.tessiot-demenagement.com\/fr\/demenagement-avec-des-amis-votre-responsabilite-est-engagee\/\" rel=\"bookmark\"><time class=\"entry-date published\" datetime=\"2021-05-26T10:58:47+02:00\">26 mai 2021<\/time><time class=\"updated\" datetime=\"2021-05-26T11:17:51+02:00\">26 mai 2021<\/time><\/a>\t\t\t<\/span>\r\n\r\n\t\t\t<span class=\"tg-post-auther-name author vcard\">\r\n\t\t\t\t<a class=\"url fn n\" href=\"https:\/\/www.tessiot-demenagement.com\/fr\/author\/stephane\/\">stephane samson<\/a>\t\t\t<\/span>\r\n\r\n\t\t\t\t\t<\/div>\r\n\r\n\t\t\r\n\t\t\t\t\t\t\t<div class=\"tg-expert entry-content\">\r\n\t\t\t\t\t\t\t\t<p>D\u00e9m\u00e9nagement avec des amis : votre responsabilit\u00e9 est engag\u00e9e Si vous ne passez pas par un professionnel pour votre d\u00e9m\u00e9nagement,<\/p>\n\t\t\t\t\t\t\t<\/div>\r\n\r\n\t\t\t\t\t\t<\/div>\r\n\t\t\t\t\t<\/div>\r\n\r\n\t\t\t\t\t\r\n\t\t\t\t\t<div class=\"tg-col-control\">\r\n\t\t\t\t\t\t<div class=\"tg_module_block\">\r\n\t\t\t\t\t\t\t\t\t\t\t\t\t\t\t<figure class=\"tg-module-thumb\">\r\n\t\t\t\t\t\t\t\t\t\t\t<a href=\"https:\/\/www.tessiot-demenagement.com\/fr\/le-demenagement-en-questions\/\" class=\"tg-thumb-link\">\r\n\t\t\t<img loading=\"lazy\" decoding=\"async\" width=\"392\" height=\"272\" src=\"https:\/\/www.tessiot-demenagement.com\/fr\/wp-content\/uploads\/2021\/05\/Pendant-le-3eme-Confinement-les-demenagements-continuent-9-392x272.png\" class=\"attachment-colormag-highlighted-post size-colormag-highlighted-post wp-post-image\" alt=\"Questions pour d\u00e9m\u00e9nager\" srcset=\"https:\/\/www.tessiot-demenagement.com\/fr\/wp-content\/uploads\/2021\/05\/Pendant-le-3eme-Confinement-les-demenagements-continuent-9-392x272.png 392w, https:\/\/www.tessiot-demenagement.com\/fr\/wp-content\/uploads\/2021\/05\/Pendant-le-3eme-Confinement-les-demenagements-continuent-9-130x90.png 130w\" sizes=\"(max-width: 392px) 100vw, 392px\" \/>\t\t<\/a>\r\n\t\t<div class=\"tg-post-categories\"><a href=\"https:\/\/www.tessiot-demenagement.com\/fr\/category\/nos-services\/\" style=\"background:#81d742\" class=\"tg-post-category\" rel=\"category tag\">Nos services<\/a>&nbsp;<\/div>\t\t\t\t\t\t\t\t<\/figure>\r\n\t\t\t\t\t\t\t\t\r\n\t\t\t\t\t\t\t\t\t<h3 class=\"tg-module-title entry-title\">\r\n\t\t\t<a href=\"https:\/\/www.tessiot-demenagement.com\/fr\/le-demenagement-en-questions\/\">Le d\u00e9m\u00e9nagement en questions<\/a>\r\n\t\t<\/h3>\r\n\t\t\r\n\t\t<div class=\"tg-module-meta\">\r\n\t\t\t\r\n\t\t\t<span class=\"tg-post-date entry-date\">\r\n\t\t\t\t<a href=\"https:\/\/www.tessiot-demenagement.com\/fr\/le-demenagement-en-questions\/\" rel=\"bookmark\"><time class=\"entry-date published\" datetime=\"2021-05-14T15:35:43+02:00\">14 mai 2021<\/time><time class=\"updated\" datetime=\"2022-01-19T11:22:57+01:00\">19 janvier 2022<\/time><\/a>\t\t\t<\/span>\r\n\r\n\t\t\t<span class=\"tg-post-auther-name author vcard\">\r\n\t\t\t\t<a class=\"url fn n\" href=\"https:\/\/www.tessiot-demenagement.com\/fr\/author\/stephane\/\">stephane samson<\/a>\t\t\t<\/span>\r\n\r\n\t\t\t\t\t<\/div>\r\n\r\n\t\t\r\n\t\t\t\t\t\t\t<div class=\"tg-expert entry-content\">\r\n\t\t\t\t\t\t\t\t<p>Le d\u00e9m\u00e9nagement en questions Retrouvez ci-dessous les\u00a0 questions fr\u00e9quentes pos\u00e9es par nos clients. Quelles sont les \u00e9tapes pour bien d\u00e9m\u00e9nager\u00a0?<\/p>\n\t\t\t\t\t\t\t<\/div>\r\n\r\n\t\t\t\t\t\t<\/div>\r\n\t\t\t\t\t<\/div>\r\n\r\n\t\t\t\t\t\r\n\t\t\t\t\t<div class=\"tg-col-control\">\r\n\t\t\t\t\t\t<div class=\"tg_module_block\">\r\n\t\t\t\t\t\t\t\t\t\t\t\t\t\t\t<figure class=\"tg-module-thumb\">\r\n\t\t\t\t\t\t\t\t\t\t\t<a href=\"https:\/\/www.tessiot-demenagement.com\/fr\/demenager-avec-ses-enfants\/\" class=\"tg-thumb-link\">\r\n\t\t\t<img loading=\"lazy\" decoding=\"async\" width=\"392\" height=\"272\" src=\"https:\/\/www.tessiot-demenagement.com\/fr\/wp-content\/uploads\/2021\/05\/Sans-titre-76-392x272.png\" class=\"attachment-colormag-highlighted-post size-colormag-highlighted-post wp-post-image\" alt=\"Enfants et d\u00e9m\u00e9nagement\" srcset=\"https:\/\/www.tessiot-demenagement.com\/fr\/wp-content\/uploads\/2021\/05\/Sans-titre-76-392x272.png 392w, https:\/\/www.tessiot-demenagement.com\/fr\/wp-content\/uploads\/2021\/05\/Sans-titre-76-130x90.png 130w\" sizes=\"(max-width: 392px) 100vw, 392px\" \/>\t\t<\/a>\r\n\t\t<div class=\"tg-post-categories\"><a href=\"https:\/\/www.tessiot-demenagement.com\/fr\/category\/societe\/\" class=\"tg-post-category\" rel=\"category tag\">Soci\u00e9t\u00e9<\/a>&nbsp;<\/div>\t\t\t\t\t\t\t\t<\/figure>\r\n\t\t\t\t\t\t\t\t\r\n\t\t\t\t\t\t\t\t\t<h3 class=\"tg-module-title entry-title\">\r\n\t\t\t<a href=\"https:\/\/www.tessiot-demenagement.com\/fr\/demenager-avec-ses-enfants\/\">D\u00e9m\u00e9nager avec ses enfants<\/a>\r\n\t\t<\/h3>\r\n\t\t\r\n\t\t<div class=\"tg-module-meta\">\r\n\t\t\t\r\n\t\t\t<span class=\"tg-post-date entry-date\">\r\n\t\t\t\t<a href=\"https:\/\/www.tessiot-demenagement.com\/fr\/demenager-avec-ses-enfants\/\" rel=\"bookmark\"><time class=\"entry-date published\" datetime=\"2021-05-05T11:49:50+02:00\">5 mai 2021<\/time><time class=\"updated\" datetime=\"2021-05-05T16:19:12+02:00\">5 mai 2021<\/time><\/a>\t\t\t<\/span>\r\n\r\n\t\t\t<span class=\"tg-post-auther-name author vcard\">\r\n\t\t\t\t<a class=\"url fn n\" href=\"https:\/\/www.tessiot-demenagement.com\/fr\/author\/stephane\/\">stephane samson<\/a>\t\t\t<\/span>\r\n\r\n\t\t\t\t\t<\/div>\r\n\r\n\t\t\r\n\t\t\t\t\t\t\t<div class=\"tg-expert entry-content\">\r\n\t\t\t\t\t\t\t\t<p>D\u00e9m\u00e9nager avec ses enfants Un d\u00e9m\u00e9nagement est une \u00e9tape importante pour tous les membres de la famille. Cependant, d\u00e9m\u00e9nager avec<\/p>\n\t\t\t\t\t\t\t<\/div>\r\n\r\n\t\t\t\t\t\t<\/div>\r\n\t\t\t\t\t<\/div>\r\n\r\n\t\t\t\t\t\r\n\t\t\t\t\t<div class=\"tg-col-control\">\r\n\t\t\t\t\t\t<div class=\"tg_module_block\">\r\n\t\t\t\t\t\t\t\t\t\t\t\t\t\t\t<figure class=\"tg-module-thumb\">\r\n\t\t\t\t\t\t\t\t\t\t\t<a href=\"https:\/\/www.tessiot-demenagement.com\/fr\/comment-choisir-votre-demenageur\/\" class=\"tg-thumb-link\">\r\n\t\t\t<img loading=\"lazy\" decoding=\"async\" width=\"392\" height=\"272\" src=\"https:\/\/www.tessiot-demenagement.com\/fr\/wp-content\/uploads\/2021\/04\/Devis-et-visite-gratuits-28-392x272.png\" class=\"attachment-colormag-highlighted-post size-colormag-highlighted-post wp-post-image\" alt=\"Quelle entreprise pour d\u00e9m\u00e9nager ?\" srcset=\"https:\/\/www.tessiot-demenagement.com\/fr\/wp-content\/uploads\/2021\/04\/Devis-et-visite-gratuits-28-392x272.png 392w, https:\/\/www.tessiot-demenagement.com\/fr\/wp-content\/uploads\/2021\/04\/Devis-et-visite-gratuits-28-130x90.png 130w, https:\/\/www.tessiot-demenagement.com\/fr\/wp-content\/uploads\/2021\/04\/Devis-et-visite-gratuits-28-600x417.png 600w\" sizes=\"(max-width: 392px) 100vw, 392px\" \/>\t\t<\/a>\r\n\t\t<div class=\"tg-post-categories\"><a href=\"https:\/\/www.tessiot-demenagement.com\/fr\/category\/nos-services\/\" style=\"background:#81d742\" class=\"tg-post-category\" rel=\"category tag\">Nos services<\/a>&nbsp;<\/div>\t\t\t\t\t\t\t\t<\/figure>\r\n\t\t\t\t\t\t\t\t\r\n\t\t\t\t\t\t\t\t\t<h3 class=\"tg-module-title entry-title\">\r\n\t\t\t<a href=\"https:\/\/www.tessiot-demenagement.com\/fr\/comment-choisir-votre-demenageur\/\">Comment choisir votre d\u00e9m\u00e9nageur<\/a>\r\n\t\t<\/h3>\r\n\t\t\r\n\t\t<div class=\"tg-module-meta\">\r\n\t\t\t\r\n\t\t\t<span class=\"tg-post-date entry-date\">\r\n\t\t\t\t<a href=\"https:\/\/www.tessiot-demenagement.com\/fr\/comment-choisir-votre-demenageur\/\" rel=\"bookmark\"><time class=\"entry-date published\" datetime=\"2021-04-27T12:10:12+02:00\">27 avril 2021<\/time><time class=\"updated\" datetime=\"2021-04-27T12:30:50+02:00\">27 avril 2021<\/time><\/a>\t\t\t<\/span>\r\n\r\n\t\t\t<span class=\"tg-post-auther-name author vcard\">\r\n\t\t\t\t<a class=\"url fn n\" href=\"https:\/\/www.tessiot-demenagement.com\/fr\/author\/stephane\/\">stephane samson<\/a>\t\t\t<\/span>\r\n\r\n\t\t\t\t\t<\/div>\r\n\r\n\t\t\r\n\t\t\t\t\t\t\t<div class=\"tg-expert entry-content\">\r\n\t\t\t\t\t\t\t\t<p>Comment choisir votre d\u00e9m\u00e9nageur Vous vous demandez comment choisir votre d\u00e9m\u00e9nageur\u00a0? Vous avez choisi de pr\u00e9server vos proches et de<\/p>\n\t\t\t\t\t\t\t<\/div>\r\n\r\n\t\t\t\t\t\t<\/div>\r\n\t\t\t\t\t<\/div>\r\n\r\n\t\t\t\t\t\r\n\t\t\t\t\t<div class=\"tg-col-control\">\r\n\t\t\t\t\t\t<div class=\"tg_module_block\">\r\n\t\t\t\t\t\t\t\t\t\t\t\t\t\t\t<figure class=\"tg-module-thumb\">\r\n\t\t\t\t\t\t\t\t\t\t\t<a href=\"https:\/\/www.tessiot-demenagement.com\/fr\/demenagement-et-satisfaction\/\" class=\"tg-thumb-link\">\r\n\t\t\t<img loading=\"lazy\" decoding=\"async\" width=\"392\" height=\"272\" src=\"https:\/\/www.tessiot-demenagement.com\/fr\/wp-content\/uploads\/2021\/04\/Devis-et-visite-gratuits-21-392x272.png\" class=\"attachment-colormag-highlighted-post size-colormag-highlighted-post wp-post-image\" alt=\"Quel d\u00e9m\u00e9nageur choisir ?\" srcset=\"https:\/\/www.tessiot-demenagement.com\/fr\/wp-content\/uploads\/2021\/04\/Devis-et-visite-gratuits-21-392x272.png 392w, https:\/\/www.tessiot-demenagement.com\/fr\/wp-content\/uploads\/2021\/04\/Devis-et-visite-gratuits-21-130x90.png 130w, https:\/\/www.tessiot-demenagement.com\/fr\/wp-content\/uploads\/2021\/04\/Devis-et-visite-gratuits-21-600x417.png 600w\" sizes=\"(max-width: 392px) 100vw, 392px\" \/>\t\t<\/a>\r\n\t\t<div class=\"tg-post-categories\"><a href=\"https:\/\/www.tessiot-demenagement.com\/fr\/category\/actualites-du-groupe-tessiot-demenagements\/\" style=\"background:#1e73be\" class=\"tg-post-category\" rel=\"category tag\">Actualit\u00e9s du Groupe Tessiot<\/a>&nbsp;<\/div>\t\t\t\t\t\t\t\t<\/figure>\r\n\t\t\t\t\t\t\t\t\r\n\t\t\t\t\t\t\t\t\t<h3 class=\"tg-module-title entry-title\">\r\n\t\t\t<a href=\"https:\/\/www.tessiot-demenagement.com\/fr\/demenagement-et-satisfaction\/\">D\u00e9m\u00e9nagement et satisfaction<\/a>\r\n\t\t<\/h3>\r\n\t\t\r\n\t\t<div class=\"tg-module-meta\">\r\n\t\t\t\r\n\t\t\t<span class=\"tg-post-date entry-date\">\r\n\t\t\t\t<a href=\"https:\/\/www.tessiot-demenagement.com\/fr\/demenagement-et-satisfaction\/\" rel=\"bookmark\"><time class=\"entry-date published\" datetime=\"2021-04-13T14:22:16+02:00\">13 avril 2021<\/time><time class=\"updated\" datetime=\"2021-04-13T15:02:27+02:00\">13 avril 2021<\/time><\/a>\t\t\t<\/span>\r\n\r\n\t\t\t<span class=\"tg-post-auther-name author vcard\">\r\n\t\t\t\t<a class=\"url fn n\" href=\"https:\/\/www.tessiot-demenagement.com\/fr\/author\/stephane\/\">stephane samson<\/a>\t\t\t<\/span>\r\n\r\n\t\t\t\t\t<\/div>\r\n\r\n\t\t\r\n\t\t\t\t\t\t\t<div class=\"tg-expert entry-content\">\r\n\t\t\t\t\t\t\t\t<p>D\u00e9m\u00e9nagement et satisfaction Chez Tessiot D\u00e9m\u00e9nagements, d\u00e9m\u00e9nagement et satisfaction sont deux choses indissociables pour nos \u00e9quipes. Parce que d\u00e9m\u00e9nager est<\/p>\n\t\t\t\t\t\t\t<\/div>\r\n\r\n\t\t\t\t\t\t<\/div>\r\n\t\t\t\t\t<\/div>\r\n\r\n\t\t\t\t\t\r\n\t\t\t\t\t<div class=\"tg-col-control\">\r\n\t\t\t\t\t\t<div class=\"tg_module_block\">\r\n\t\t\t\t\t\t\t\t\t\t\t\t\t\t\t<figure class=\"tg-module-thumb\">\r\n\t\t\t\t\t\t\t\t\t\t\t<a href=\"https:\/\/www.tessiot-demenagement.com\/fr\/beaucoup-dactivites-chez-tessiot-demenagements\/\" class=\"tg-thumb-link\">\r\n\t\t\t<img loading=\"lazy\" decoding=\"async\" width=\"392\" height=\"272\" src=\"https:\/\/www.tessiot-demenagement.com\/fr\/wp-content\/uploads\/2021\/04\/Pendant-le-3eme-Confinement-les-demenagements-continuent-4-392x272.png\" class=\"attachment-colormag-highlighted-post size-colormag-highlighted-post wp-post-image\" alt=\"D\u00e9m\u00e9nageur dans la Ni\u00e8vre\" srcset=\"https:\/\/www.tessiot-demenagement.com\/fr\/wp-content\/uploads\/2021\/04\/Pendant-le-3eme-Confinement-les-demenagements-continuent-4-392x272.png 392w, https:\/\/www.tessiot-demenagement.com\/fr\/wp-content\/uploads\/2021\/04\/Pendant-le-3eme-Confinement-les-demenagements-continuent-4-130x90.png 130w\" sizes=\"(max-width: 392px) 100vw, 392px\" \/>\t\t<\/a>\r\n\t\t<div class=\"tg-post-categories\"><a href=\"https:\/\/www.tessiot-demenagement.com\/fr\/category\/actualites-du-groupe-tessiot-demenagements\/\" style=\"background:#1e73be\" class=\"tg-post-category\" rel=\"category tag\">Actualit\u00e9s du Groupe Tessiot<\/a>&nbsp;<\/div>\t\t\t\t\t\t\t\t<\/figure>\r\n\t\t\t\t\t\t\t\t\r\n\t\t\t\t\t\t\t\t\t<h3 class=\"tg-module-title entry-title\">\r\n\t\t\t<a href=\"https:\/\/www.tessiot-demenagement.com\/fr\/beaucoup-dactivites-chez-tessiot-demenagements\/\">Beaucoup d&#8217;activit\u00e9s chez Tessiot D\u00e9m\u00e9nagements<\/a>\r\n\t\t<\/h3>\r\n\t\t\r\n\t\t<div class=\"tg-module-meta\">\r\n\t\t\t\r\n\t\t\t<span class=\"tg-post-date entry-date\">\r\n\t\t\t\t<a href=\"https:\/\/www.tessiot-demenagement.com\/fr\/beaucoup-dactivites-chez-tessiot-demenagements\/\" rel=\"bookmark\"><time class=\"entry-date published\" datetime=\"2021-04-08T11:17:40+02:00\">8 avril 2021<\/time><time class=\"updated\" datetime=\"2021-04-08T11:26:53+02:00\">8 avril 2021<\/time><\/a>\t\t\t<\/span>\r\n\r\n\t\t\t<span class=\"tg-post-auther-name author vcard\">\r\n\t\t\t\t<a class=\"url fn n\" href=\"https:\/\/www.tessiot-demenagement.com\/fr\/author\/stephane\/\">stephane samson<\/a>\t\t\t<\/span>\r\n\r\n\t\t\t\t\t<\/div>\r\n\r\n\t\t\r\n\t\t\t\t\t\t\t<div class=\"tg-expert entry-content\">\r\n\t\t\t\t\t\t\t\t<p>Beaucoup d&#8217;activit\u00e9s chez Tessiot D\u00e9m\u00e9nagements Malgr\u00e9 la crise sanitaire, il y\u2019a beaucoup d\u2019activit\u00e9s chez Tessiot D\u00e9m\u00e9nagements. Le Journal du Centre<\/p>\n\t\t\t\t\t\t\t<\/div>\r\n\r\n\t\t\t\t\t\t<\/div>\r\n\t\t\t\t\t<\/div>\r\n\r\n\t\t\t\t\t\t\t\t<\/div>\r\n\t\t<\/div>\r\n\r\n\t\t\t\t<\/div>\n\t\t\t\t<\/div>\n\t\t\t\t\t\t<\/div>\n\t\t\t\t\t<\/div>\n\t\t<\/div>\n\t\t\t\t\t\t\t\t<\/div>\n\t\t\t\t\t<\/div>\n\t\t<\/section>\n\t\t\t\t\t\t<\/div>\n\t\t\t\t\t\t<\/div>\n\t\t\t\t\t<\/div>\n\t\t","protected":false},"excerpt":{"rendered":"<p>Actualit\u00e9s du d\u00e9m\u00e9nagement Retrouvez ici toutes les actualit\u00e9s du d\u00e9m\u00e9nagement. Nouvelles offres, news sur le m\u00e9tier de d\u00e9m\u00e9nageur et le<\/p>\n","protected":false},"author":15,"featured_media":0,"parent":0,"menu_order":0,"comment_status":"closed","ping_status":"closed","template":"","meta":{"footnotes":""},"yoast_head":"<!-- This site is optimized with the Yoast SEO plugin v15.8 - https:\/\/yoast.com\/wordpress\/plugins\/seo\/ -->\n<title>&ndash; Tessiot D\u00e9m\u00e9nagements<\/title>\n<meta name=\"description\" content=\"Actualit\u00e9s du d\u00e9m\u00e9nagement Retrouvez ici toutes les actualit\u00e9s du d\u00e9m\u00e9nagement. Nouvelles offres, news sur le m\u00e9tier de d\u00e9m\u00e9nageur et le secteur Retrouvez toute l&#039;actualit\u00e9 du d\u00e9m\u00e9nagement et des d\u00e9m\u00e9nageurs du groupe Tessiot.\" \/>\n<meta name=\"robots\" content=\"index, follow, max-snippet:-1, max-image-preview:large, max-video-preview:-1\" \/>\n<link rel=\"canonical\" href=\"https:\/\/www.tessiot-demenagement.com\/fr\/actualites-du-demenagement\/\" \/>\n<meta property=\"og:locale\" content=\"fr_FR\" \/>\n<meta property=\"og:type\" content=\"article\" \/>\n<meta property=\"og:title\" content=\"&ndash; Tessiot D\u00e9m\u00e9nagements\" \/>\n<meta property=\"og:description\" content=\"Actualit\u00e9s du d\u00e9m\u00e9nagement Retrouvez ici toutes les actualit\u00e9s du d\u00e9m\u00e9nagement. Nouvelles offres, news sur le m\u00e9tier de d\u00e9m\u00e9nageur et le secteur Retrouvez toute l&#039;actualit\u00e9 du d\u00e9m\u00e9nagement et des d\u00e9m\u00e9nageurs du groupe Tessiot.\" \/>\n<meta property=\"og:url\" content=\"https:\/\/www.tessiot-demenagement.com\/fr\/actualites-du-demenagement\/\" \/>\n<meta property=\"og:site_name\" content=\"Tessiot D\u00e9m\u00e9nagements\" \/>\n<meta property=\"article:publisher\" content=\"https:\/\/www.facebook.com\/tessiot.demenagements\" \/>\n<meta property=\"article:modified_time\" content=\"2023-08-22T07:28:07+00:00\" \/>\n<meta property=\"og:image\" content=\"https:\/\/www.tessiot-demenagement.com\/fr\/wp-content\/uploads\/2023\/01\/1-392x272.jpg\" \/>\n<meta name=\"twitter:card\" content=\"summary_large_image\" \/>\n<meta name=\"twitter:site\" content=\"@TDemenagements\" \/>\n<meta name=\"twitter:label1\" content=\"Dur\u00e9e de lecture est.\">\n\t<meta name=\"twitter:data1\" content=\"14 minutes\">\n<script type=\"application\/ld+json\" class=\"yoast-schema-graph\">{\"@context\":\"https:\/\/schema.org\",\"@graph\":[{\"@type\":\"Organization\",\"@id\":\"https:\/\/www.tessiot-demenagement.com\/fr\/#organization\",\"name\":\"Tessiot-D\\u00e9m\\u00e9nagements\",\"url\":\"https:\/\/www.tessiot-demenagement.com\/fr\/\",\"sameAs\":[\"https:\/\/www.facebook.com\/tessiot.demenagements\",\"https:\/\/www.instagram.com\/tessiotdemenagements\/\",\"https:\/\/www.youtube.com\/watch?v=maGVkMma1Dw.\",\"https:\/\/twitter.com\/TDemenagements\"],\"logo\":{\"@type\":\"ImageObject\",\"@id\":\"https:\/\/www.tessiot-demenagement.com\/fr\/#logo\",\"inLanguage\":\"fr-FR\",\"url\":\"https:\/\/www.tessiot-demenagement.com\/fr\/wp-content\/uploads\/2012\/01\/logo1-e1536916717562.png\",\"width\":80,\"height\":41,\"caption\":\"Tessiot-D\\u00e9m\\u00e9nagements\"},\"image\":{\"@id\":\"https:\/\/www.tessiot-demenagement.com\/fr\/#logo\"}},{\"@type\":\"WebSite\",\"@id\":\"https:\/\/www.tessiot-demenagement.com\/fr\/#website\",\"url\":\"https:\/\/www.tessiot-demenagement.com\/fr\/\",\"name\":\"Tessiot D\\u00e9m\\u00e9nagements\",\"description\":\"D\\u00e9m\\u00e9nagement national et international\",\"publisher\":{\"@id\":\"https:\/\/www.tessiot-demenagement.com\/fr\/#organization\"},\"potentialAction\":[{\"@type\":\"SearchAction\",\"target\":\"https:\/\/www.tessiot-demenagement.com\/fr\/?s={search_term_string}\",\"query-input\":\"required name=search_term_string\"}],\"inLanguage\":\"fr-FR\"},{\"@type\":\"ImageObject\",\"@id\":\"https:\/\/www.tessiot-demenagement.com\/fr\/actualites-du-demenagement\/#primaryimage\",\"inLanguage\":\"fr-FR\",\"url\":\"https:\/\/www.tessiot-demenagement.com\/fr\/wp-content\/uploads\/2023\/01\/1.jpg\",\"width\":600,\"height\":600},{\"@type\":\"WebPage\",\"@id\":\"https:\/\/www.tessiot-demenagement.com\/fr\/actualites-du-demenagement\/#webpage\",\"url\":\"https:\/\/www.tessiot-demenagement.com\/fr\/actualites-du-demenagement\/\",\"name\":\"&ndash; Tessiot D\\u00e9m\\u00e9nagements\",\"isPartOf\":{\"@id\":\"https:\/\/www.tessiot-demenagement.com\/fr\/#website\"},\"primaryImageOfPage\":{\"@id\":\"https:\/\/www.tessiot-demenagement.com\/fr\/actualites-du-demenagement\/#primaryimage\"},\"datePublished\":\"2020-07-31T12:24:21+00:00\",\"dateModified\":\"2023-08-22T07:28:07+00:00\",\"description\":\"Actualit\\u00e9s du d\\u00e9m\\u00e9nagement Retrouvez ici toutes les actualit\\u00e9s du d\\u00e9m\\u00e9nagement. Nouvelles offres, news sur le m\\u00e9tier de d\\u00e9m\\u00e9nageur et le secteur Retrouvez toute l'actualit\\u00e9 du d\\u00e9m\\u00e9nagement et des d\\u00e9m\\u00e9nageurs du groupe Tessiot.\",\"breadcrumb\":{\"@id\":\"https:\/\/www.tessiot-demenagement.com\/fr\/actualites-du-demenagement\/#breadcrumb\"},\"inLanguage\":\"fr-FR\",\"potentialAction\":[{\"@type\":\"ReadAction\",\"target\":[\"https:\/\/www.tessiot-demenagement.com\/fr\/actualites-du-demenagement\/\"]}]},{\"@type\":\"BreadcrumbList\",\"@id\":\"https:\/\/www.tessiot-demenagement.com\/fr\/actualites-du-demenagement\/#breadcrumb\",\"itemListElement\":[{\"@type\":\"ListItem\",\"position\":1,\"item\":{\"@type\":\"WebPage\",\"@id\":\"https:\/\/www.tessiot-demenagement.com\/fr\/\",\"url\":\"https:\/\/www.tessiot-demenagement.com\/fr\/\",\"name\":\"Home\"}},{\"@type\":\"ListItem\",\"position\":2,\"item\":{\"@type\":\"WebPage\",\"@id\":\"https:\/\/www.tessiot-demenagement.com\/fr\/actualites-du-demenagement\/\",\"url\":\"https:\/\/www.tessiot-demenagement.com\/fr\/actualites-du-demenagement\/\",\"name\":\"&ndash; Tessiot D\\u00e9m\\u00e9nagements\"}}]}]}<\/script>\n<!-- \/ Yoast SEO plugin. -->","_links":{"self":[{"href":"https:\/\/www.tessiot-demenagement.com\/fr\/wp-json\/wp\/v2\/pages\/5457"}],"collection":[{"href":"https:\/\/www.tessiot-demenagement.com\/fr\/wp-json\/wp\/v2\/pages"}],"about":[{"href":"https:\/\/www.tessiot-demenagement.com\/fr\/wp-json\/wp\/v2\/types\/page"}],"author":[{"embeddable":true,"href":"https:\/\/www.tessiot-demenagement.com\/fr\/wp-json\/wp\/v2\/users\/15"}],"replies":[{"embeddable":true,"href":"https:\/\/www.tessiot-demenagement.com\/fr\/wp-json\/wp\/v2\/comments?post=5457"}],"version-history":[{"count":38,"href":"https:\/\/www.tessiot-demenagement.com\/fr\/wp-json\/wp\/v2\/pages\/5457\/revisions"}],"predecessor-version":[{"id":9877,"href":"https:\/\/www.tessiot-demenagement.com\/fr\/wp-json\/wp\/v2\/pages\/5457\/revisions\/9877"}],"wp:attachment":[{"href":"https:\/\/www.tessiot-demenagement.com\/fr\/wp-json\/wp\/v2\/media?parent=5457"}],"curies":[{"name":"wp","href":"https:\/\/api.w.org\/{rel}","templated":true}]}}