{"id":1519,"date":"2012-02-08T13:37:49","date_gmt":"2012-02-08T13:37:49","guid":{"rendered":"http:\/\/www.tessiot-demenagement.com\/fr\/?page_id=1519"},"modified":"2023-06-22T11:47:46","modified_gmt":"2023-06-22T09:47:46","slug":"mentions-legales","status":"publish","type":"page","link":"https:\/\/www.tessiot-demenagement.com\/fr\/mentions-legales\/","title":{"rendered":"Mentions l\u00e9gales"},"content":{"rendered":"<p>Site des soci\u00e9t\u00e9s du Groupe A. TESSIOT D\u00e9m\u00e9nagements<\/p>\n<h2>H\u00e9bergement<\/h2>\n<p>Ce site est h\u00e9berg\u00e9 chez OVH &#8211;&nbsp;Si\u00e8ge social : 2 rue Kellermann &#8211; 59100 Roubaix &#8211; France<\/p>\n<h2>Contenu<\/h2>\n<p>L&#8217;utilisation de tout contenu de ce site est prot\u00e9g\u00e9 par des droits d\u2019auteurs et de propri\u00e9t\u00e9 intellectuelle en vertu des droits fran\u00e7ais et \u00e9trangers, tels que les droits d\u2019auteurs et les droits sur les marques. Il vous est strictement interdit de vendre, copier ou modifier le contenu de ce site ou de reproduire, publier, proposer au public, distribuer ou utiliser autrement le contenu de ce site de quelque mani\u00e8re que ce soit sans une autorisation express de notre part.<\/p>\n<h2>Accr\u00e9ditations<\/h2>\n<p>\u00c0 propos des logos d&#8217;organismes tiers affich\u00e9s sur ce site :<\/p>\n<ul>\n<li>Les agences TESSIOT Bourges, Limoges, la R\u00e9union sont adh\u00e9rentes <strong>OTRE et Fedemac<\/strong><\/li>\n<li>Les agences TESSIOT Bourges, Limoges, la R\u00e9union et Mayotte sont adh\u00e9rentes <strong>Chambre Syndicale du D\u00e9m\u00e9nagement et Garde Meubles de France<\/strong><\/li>\n<\/ul>\n<h2>Contact<\/h2>\n<p>Vous pouvez joindre l&#8217;\u00e9quipe en charge de l&#8217;animation de ce site ici :<\/p>\n<p style=\"padding-left: 30px;\">A. TESSIOT&nbsp; Bourges<\/p>\n<p style=\"padding-left: 30px;\">T\u00e9l. : 02 48 23 01 10<\/p>\n<p style=\"padding-left: 30px;\">Fax : 02 48 70 26 95<\/p>\n<p style=\"padding-left: 30px;\">Mail : demenagements@a-tessiot.com<\/p>\n<p>SARL au capital de 70 880\u20ac &#8211; RC Bourges 65 B 24 &#8211; SIRET 653 720 243 00027 &#8211; Code APE 4942Z &#8211; Code TVA : FR 94 65 720 243.<\/p>\n<h2>Donn\u00e9es personnelles<\/h2>\n<p>D&#8217;une fa\u00e7on g\u00e9n\u00e9rale, vous pouvez visiter notre site sans avoir \u00e0 d\u00e9cliner votre identit\u00e9 et \u00e0 fournir des informations personnelles vous concernant. Cependant, nous pouvons parfois vous demander des informations, par exemple, pour une demande de devis afin de vous offrir le meilleur service.<\/p>\n<p><strong>R\u00e8glementation RGPD<\/strong><\/p>\n<p>En application du r\u00e8glement g\u00e9n\u00e9ral sur la protection des donn\u00e9es \u00e0 caract\u00e8re personnel (RGPD) entr\u00e9<\/p>\n<p>en vigueur le 25 mai 2018, nous vous informons des mesures prises quant \u00e0 l\u2019utilisation et le traitement<\/p>\n<p>de ces donn\u00e9es.<\/p>\n<ul>\n<li><u>Responsable de traitement: <\/u>Le responsable du traitement est la Soci\u00e9t\u00e9 AT D\u00e9m\u00e9nagements dont le si\u00e8ge est sis au 3 Enclos des B\u00e9n\u00e9dictins 18000 BOURGES prise en la personne de son repr\u00e9sentant l\u00e9gal, domicili\u00e9 en cette qualit\u00e9 audit si\u00e8ge. <em>Lorsque l\u2019entreprise a d\u00e9sign\u00e9 un D\u00e9l\u00e9gu\u00e9 \u00e0 la Protection des Donn\u00e9es (DPO)&nbsp;:<\/em>Nous vous informons que le d\u00e9l\u00e9gu\u00e9 \u00e0 la protection des donn\u00e9es d\u00e9sign\u00e9 au sein de l\u2019entreprise est le g\u00e9rant de la Soci\u00e9t\u00e9.<\/li>\n<li><u>Donn\u00e9es personnelles &nbsp;concern\u00e9es: <\/u>Seules sont collect\u00e9es et trait\u00e9es par le personnel habilit\u00e9 (service commercial, exploitation, service comptable et SAV) celles de vos donn\u00e9es \u00e0 caract\u00e8re personnel n\u00e9cessaires \u00e0 la formation, l\u2019ex\u00e9cution et le suivi du contrat de d\u00e9m\u00e9nagement. Il s\u2019agit notamment des donn\u00e9es suivantes&nbsp;: nom, pr\u00e9nom, date de naissance, adresse, t\u00e9l\u00e9phone, adresse \u00e9lectronique, coordonn\u00e9es bancaires,\u2026<\/li>\n<li><u>Dur\u00e9e de conservation des donn\u00e9es\/s\u00e9curisation: <\/u>Vos donn\u00e9es personnelles sont conserv\u00e9es durant le temps strictement n\u00e9cessaire \u00e0 l\u2019entreprise pour satisfaire \u00e0 ses obligations l\u00e9gales et r\u00e9glementaires de conservation des documents civils, comptables et commerciaux, et durant le temps n\u00e9cessaire \u00e0 l\u2019extinction de toute prescription l\u00e9gale.<\/li>\n<li>Les donn\u00e9es personnelles vous concernant sont conserv\u00e9es de mani\u00e8re s\u00e9curis\u00e9e (<em>indiquer ici le cas \u00e9ch\u00e9ant les mesures physiques et informatiques prises aux fins d\u2019assurer la s\u00e9curisation des donn\u00e9es).<\/em><\/li>\n<li><u>Sous-traitance: <\/u>Pr\u00e9alablement \u00e0 tout traitement de vos donn\u00e9es personnelles par un tiers (transporteur \u00e0 qui serait sous-trait\u00e9 votre d\u00e9m\u00e9nagement, prestataire informatique,\u2026), nous interrogeons le sous-traitant sur les mesures et garanties qu\u2019il a mis en \u0153uvre au regard du RGPD, et lui demandons de nous justifier des options retenues.<\/li>\n<\/ul>\n<ul>\n<li>Transfert de donn\u00e9es hors Union Europ\u00e9enne Si l\u2019op\u00e9ration objet du contrat implique un transfert de vos donn\u00e9es personnels hors de l\u2019Union Europ\u00e9enne (d\u00e9m\u00e9nagement international), nous vous informons du niveau de protection des donn\u00e9es offert par le pays destinataire, et notamment si un niveau de protection suffisant lui a \u00e9t\u00e9 reconnu par d\u00e9cision de la Commission Europ\u00e9enne.<\/li>\n<\/ul>\n<ul>\n<li><u>Exercice des droits sur les donn\u00e9es personnelles. <\/u>Vous disposez, s\u2019agissant de vos donn\u00e9es personnelles, d\u2019un droit d\u2019acc\u00e8s, de rectification, d\u2019effacement, de limitation du traitement, de portabilit\u00e9 et d\u2019opposition. Vous pouvez exercer vos droits (sous r\u00e9serve de produire, pour des raisons de s\u00e9curit\u00e9, un justificatif d\u2019identit\u00e9 valide) ou recueillir toute information relative \u00e0 vos donn\u00e9es personnelles en adressant un courrier \u00e0 l\u2019entreprise \u00e0 l\u2019adresse indiqu\u00e9e \u00e0 la rubrique \u00ab&nbsp;responsable de traitement&nbsp;\u00bb, ou un courriel \u00e0 l\u2019adresse suivante&nbsp;: <a href=\"mailto:demenagements@a-tessiot.com\">demenagements@a-tessiot.com<\/a><\/li>\n<li>En cas de difficult\u00e9 concernant le traitement de vos donn\u00e9es personnelles, vous disposez de la facult\u00e9 de d\u00e9poser r\u00e9clamation aupr\u00e8s de la Commission Nationale Informatique et Libert\u00e9s (CNIL-www.cnil.fr).<\/li>\n<\/ul>\n","protected":false},"excerpt":{"rendered":"<p>Site des soci\u00e9t\u00e9s du Groupe A. TESSIOT D\u00e9m\u00e9nagements H\u00e9bergement Ce site est h\u00e9berg\u00e9 chez OVH &#8211;&nbsp;Si\u00e8ge social : 2 rue<\/p>\n","protected":false},"author":3,"featured_media":0,"parent":0,"menu_order":0,"comment_status":"open","ping_status":"open","template":"","meta":{"footnotes":""},"yoast_head":"<!-- This site is optimized with the Yoast SEO plugin v15.8 - https:\/\/yoast.com\/wordpress\/plugins\/seo\/ -->\n<title>Mentions l\u00e9gales &ndash; Tessiot D\u00e9m\u00e9nagements<\/title>\n<meta name=\"description\" content=\"Site des soci\u00e9t\u00e9s du Groupe A. TESSIOT D\u00e9m\u00e9nagements H\u00e9bergement Ce site est h\u00e9berg\u00e9 chez OVH -&nbsp;Si\u00e8ge social : 2 rue Kellermann - 59100 Roubaix -\" \/>\n<meta name=\"robots\" content=\"index, follow, max-snippet:-1, max-image-preview:large, max-video-preview:-1\" \/>\n<link rel=\"canonical\" href=\"https:\/\/www.tessiot-demenagement.com\/fr\/mentions-legales\/\" \/>\n<meta property=\"og:locale\" content=\"fr_FR\" \/>\n<meta property=\"og:type\" content=\"article\" \/>\n<meta property=\"og:title\" content=\"Mentions l\u00e9gales &ndash; Tessiot D\u00e9m\u00e9nagements\" \/>\n<meta property=\"og:description\" content=\"Site des soci\u00e9t\u00e9s du Groupe A. TESSIOT D\u00e9m\u00e9nagements H\u00e9bergement Ce site est h\u00e9berg\u00e9 chez OVH -&nbsp;Si\u00e8ge social : 2 rue Kellermann - 59100 Roubaix -\" \/>\n<meta property=\"og:url\" content=\"https:\/\/www.tessiot-demenagement.com\/fr\/mentions-legales\/\" \/>\n<meta property=\"og:site_name\" content=\"Tessiot D\u00e9m\u00e9nagements\" \/>\n<meta property=\"article:publisher\" content=\"https:\/\/www.facebook.com\/tessiot.demenagements\" \/>\n<meta property=\"article:modified_time\" content=\"2023-06-22T09:47:46+00:00\" \/>\n<meta name=\"twitter:card\" content=\"summary_large_image\" \/>\n<meta name=\"twitter:site\" content=\"@TDemenagements\" \/>\n<meta name=\"twitter:label1\" content=\"Dur\u00e9e de lecture est.\">\n\t<meta name=\"twitter:data1\" content=\"4 minutes\">\n<script type=\"application\/ld+json\" class=\"yoast-schema-graph\">{\"@context\":\"https:\/\/schema.org\",\"@graph\":[{\"@type\":\"Organization\",\"@id\":\"https:\/\/www.tessiot-demenagement.com\/fr\/#organization\",\"name\":\"Tessiot-D\\u00e9m\\u00e9nagements\",\"url\":\"https:\/\/www.tessiot-demenagement.com\/fr\/\",\"sameAs\":[\"https:\/\/www.facebook.com\/tessiot.demenagements\",\"https:\/\/www.instagram.com\/tessiotdemenagements\/\",\"https:\/\/www.youtube.com\/watch?v=maGVkMma1Dw.\",\"https:\/\/twitter.com\/TDemenagements\"],\"logo\":{\"@type\":\"ImageObject\",\"@id\":\"https:\/\/www.tessiot-demenagement.com\/fr\/#logo\",\"inLanguage\":\"fr-FR\",\"url\":\"https:\/\/www.tessiot-demenagement.com\/fr\/wp-content\/uploads\/2012\/01\/logo1-e1536916717562.png\",\"width\":80,\"height\":41,\"caption\":\"Tessiot-D\\u00e9m\\u00e9nagements\"},\"image\":{\"@id\":\"https:\/\/www.tessiot-demenagement.com\/fr\/#logo\"}},{\"@type\":\"WebSite\",\"@id\":\"https:\/\/www.tessiot-demenagement.com\/fr\/#website\",\"url\":\"https:\/\/www.tessiot-demenagement.com\/fr\/\",\"name\":\"Tessiot D\\u00e9m\\u00e9nagements\",\"description\":\"D\\u00e9m\\u00e9nagement national et international\",\"publisher\":{\"@id\":\"https:\/\/www.tessiot-demenagement.com\/fr\/#organization\"},\"potentialAction\":[{\"@type\":\"SearchAction\",\"target\":\"https:\/\/www.tessiot-demenagement.com\/fr\/?s={search_term_string}\",\"query-input\":\"required name=search_term_string\"}],\"inLanguage\":\"fr-FR\"},{\"@type\":\"WebPage\",\"@id\":\"https:\/\/www.tessiot-demenagement.com\/fr\/mentions-legales\/#webpage\",\"url\":\"https:\/\/www.tessiot-demenagement.com\/fr\/mentions-legales\/\",\"name\":\"Mentions l\\u00e9gales &ndash; Tessiot D\\u00e9m\\u00e9nagements\",\"isPartOf\":{\"@id\":\"https:\/\/www.tessiot-demenagement.com\/fr\/#website\"},\"datePublished\":\"2012-02-08T13:37:49+00:00\",\"dateModified\":\"2023-06-22T09:47:46+00:00\",\"description\":\"Site des soci\\u00e9t\\u00e9s du Groupe A. TESSIOT D\\u00e9m\\u00e9nagements H\\u00e9bergement Ce site est h\\u00e9berg\\u00e9 chez OVH -&nbsp;Si\\u00e8ge social : 2 rue Kellermann - 59100 Roubaix -\",\"breadcrumb\":{\"@id\":\"https:\/\/www.tessiot-demenagement.com\/fr\/mentions-legales\/#breadcrumb\"},\"inLanguage\":\"fr-FR\",\"potentialAction\":[{\"@type\":\"ReadAction\",\"target\":[\"https:\/\/www.tessiot-demenagement.com\/fr\/mentions-legales\/\"]}]},{\"@type\":\"BreadcrumbList\",\"@id\":\"https:\/\/www.tessiot-demenagement.com\/fr\/mentions-legales\/#breadcrumb\",\"itemListElement\":[{\"@type\":\"ListItem\",\"position\":1,\"item\":{\"@type\":\"WebPage\",\"@id\":\"https:\/\/www.tessiot-demenagement.com\/fr\/\",\"url\":\"https:\/\/www.tessiot-demenagement.com\/fr\/\",\"name\":\"Home\"}},{\"@type\":\"ListItem\",\"position\":2,\"item\":{\"@type\":\"WebPage\",\"@id\":\"https:\/\/www.tessiot-demenagement.com\/fr\/mentions-legales\/\",\"url\":\"https:\/\/www.tessiot-demenagement.com\/fr\/mentions-legales\/\",\"name\":\"Mentions l\\u00e9gales\"}}]}]}<\/script>\n<!-- \/ Yoast SEO plugin. -->","_links":{"self":[{"href":"https:\/\/www.tessiot-demenagement.com\/fr\/wp-json\/wp\/v2\/pages\/1519"}],"collection":[{"href":"https:\/\/www.tessiot-demenagement.com\/fr\/wp-json\/wp\/v2\/pages"}],"about":[{"href":"https:\/\/www.tessiot-demenagement.com\/fr\/wp-json\/wp\/v2\/types\/page"}],"author":[{"embeddable":true,"href":"https:\/\/www.tessiot-demenagement.com\/fr\/wp-json\/wp\/v2\/users\/3"}],"replies":[{"embeddable":true,"href":"https:\/\/www.tessiot-demenagement.com\/fr\/wp-json\/wp\/v2\/comments?post=1519"}],"version-history":[{"count":23,"href":"https:\/\/www.tessiot-demenagement.com\/fr\/wp-json\/wp\/v2\/pages\/1519\/revisions"}],"predecessor-version":[{"id":9847,"href":"https:\/\/www.tessiot-demenagement.com\/fr\/wp-json\/wp\/v2\/pages\/1519\/revisions\/9847"}],"wp:attachment":[{"href":"https:\/\/www.tessiot-demenagement.com\/fr\/wp-json\/wp\/v2\/media?parent=1519"}],"curies":[{"name":"wp","href":"https:\/\/api.w.org\/{rel}","templated":true}]}}